{"id":143,"date":"2016-06-20T07:48:11","date_gmt":"2016-06-20T07:48:11","guid":{"rendered":"http:\/\/sw-themes.com\/porto_dummy\/?page_id=143"},"modified":"2025-03-06T02:47:33","modified_gmt":"2025-03-06T01:47:33","slug":"home","status":"publish","type":"page","link":"https:\/\/radio.descargalatina.cl\/latina\/","title":{"rendered":"Home"},"content":{"rendered":"<div class=\"wpb-content-wrapper\"><p>[vc_row wrap_container=\u00bbyes\u00bb is_section=\u00bbyes\u00bb remove_margin_top=\u00bbyes\u00bb remove_margin_bottom=\u00bbyes\u00bb remove_border=\u00bbyes\u00bb css=\u00bb.vc_custom_1553520479450{padding-bottom: 20px !important;}\u00bb][vc_column]<div class=\"porto-blog wpb_content_element  mb-0  wpb_custom_9c745ac33a8bb4820cfc6b89805915cc porto-blog-e0b603537120859819a60b8e18355fe8\" data-appear-animation=\"fadeInUp\" data-appear-animation-delay=\"200\">\t\t<div class=\"blog-posts posts-grid blog-posts-hover_info2\">\r\n\t\t\t<div class=\"posts-container row\">\r\n\t\t\r\n<article class=\"post post-grid col-md-6 col-lg-4 post-3283 post type-post status-publish format-standard has-post-thumbnail hentry category-sin-categoria\">\r\n\r\n\r\n\t<div class=\"thumb-info thumb-info-no-borders thumb-info-bottom-info thumb-info-bottom-info-dark thumb-info-centered-icons\">\r\n\t\t\t\t<div class=\"thumb-info-wrapper\">\r\n\t\t\t<div class=\"post-image\">\r\n\t\t\t\t<img loading=\"lazy\" decoding=\"async\" width=\"450\" height=\"250\" src=\"https:\/\/radio.descargalatina.cl\/latina\/wp-content\/uploads\/2026\/04\/PORTADA-ANGELA-CARRASCO-CHILE-2026-450x250.jpg\" alt=\"\" \/>\r\n\t\t\t<\/div>\r\n\t\t\t\t\t\t<div class=\"thumb-info-title\">\r\n\t\t\t\t\t\t\t\t\t\t\t\t<span class=\"thumb-info-type\"><a href=\"https:\/\/radio.descargalatina.cl\/latina\/category\/sin-categoria\/\" rel=\"category tag\">Sin categor\u00eda<\/a><\/span>\r\n\t\t\t\t\t\t\t\t<h3 class=\"thumb-info-inner\"><a href=\"https:\/\/radio.descargalatina.cl\/latina\/angela-carrasco-el-regreso-de-una-leyenda\/\">\u00c1ngela Carrasco, El regreso de una leyenda.<\/a><\/h3>\r\n\t\t\t\t<div class=\"thumb-info-show-more-content\">\r\n\t\t\t\t\t<p class=\"post-excerpt\">\n\n\n\n\n\u00c1ngela Carrasco trae la magia de su musical a Chile\n\n\n\n\n\n\n\nUna voz que vive en nuestros recuerdos\n\n\n\n\u00bfQui\u00e9n no ha cantado a todo pulm\u00f3n en el living de su casa temas como \"Quererte a ti\" o \"Si t\u00fa eres mi hombre\"? Hay artistas que no necesitan presentaci\u00f3n porque su voz ya es parte de nuestra historia familiar....<\/p>\t\t\t\t<\/div>\r\n\t\t\t\t\t\t<\/div>\r\n\t\t\t<span class=\"thumb-info-action\">\r\n\t\t\t\t<a aria-label=\"Go to post page\" href=\"https:\/\/radio.descargalatina.cl\/latina\/angela-carrasco-el-regreso-de-una-leyenda\/\">\r\n\t\t\t\t\t<span class=\"thumb-info-action-icon thumb-info-action-icon-light\"><i class=\"fas fa-link text-dark\"><\/i><\/span>\r\n\t\t\t\t<\/a>\r\n\t\t\t<\/span>\r\n\t\t<\/div>\r\n\t<\/div>\r\n<\/article>\r\n\r\n<article class=\"post post-grid col-md-6 col-lg-4 post-3279 post type-post status-publish format-standard has-post-thumbnail hentry category-eventos category-internacionales tag-cubaenlacasa tag-flow-cubano tag-musicaurbana tag-repaqueen tag-repartocubano tag-seidy-la-nina\">\r\n\r\n\r\n\t<div class=\"thumb-info thumb-info-no-borders thumb-info-bottom-info thumb-info-bottom-info-dark thumb-info-centered-icons\">\r\n\t\t\t\t<div class=\"thumb-info-wrapper\">\r\n\t\t\t<div class=\"post-image\">\r\n\t\t\t\t<img loading=\"lazy\" decoding=\"async\" width=\"450\" height=\"250\" src=\"https:\/\/radio.descargalatina.cl\/latina\/wp-content\/uploads\/2026\/04\/SEIDY-LA-NINA-450x250.jpg\" alt=\"\" \/>\r\n\t\t\t<\/div>\r\n\t\t\t\t\t\t<div class=\"thumb-info-title\">\r\n\t\t\t\t\t\t\t\t\t\t\t\t<span class=\"thumb-info-type\"><a href=\"https:\/\/radio.descargalatina.cl\/latina\/category\/lo-que-buscas\/eventos\/\" rel=\"category tag\">Eventos<\/a> <a href=\"https:\/\/radio.descargalatina.cl\/latina\/category\/biografias\/internacionales\/\" rel=\"category tag\">Internacionales<\/a><\/span>\r\n\t\t\t\t\t\t\t\t<h3 class=\"thumb-info-inner\"><a href=\"https:\/\/radio.descargalatina.cl\/latina\/seidy-la-nina-reparto-cubano\/\">Seidy \u00abLa Ni\u00f1a\u00bb Repartera.<\/a><\/h3>\r\n\t\t\t\t<div class=\"thumb-info-show-more-content\">\r\n\t\t\t\t\t<p class=\"post-excerpt\">\n\n\n\n\nSeidy \"La Ni\u00f1a\": La Cubana que Baila, Canta y Rompe los C\u00f3digos del Reparto\n\n\n\n\n\n\n\nEl panorama de la m\u00fasica urbana latina tiene una nueva figura que no pide permiso, simplemente arrolla: Seidy Carrera, conocida mundialmente como Seidy la Ni\u00f1a. Nacida en el Cotorro, La Habana, y criada en Miami, esta artista polifac\u00e9tica ha logrado algo que...<\/p>\t\t\t\t<\/div>\r\n\t\t\t\t\t\t<\/div>\r\n\t\t\t<span class=\"thumb-info-action\">\r\n\t\t\t\t<a aria-label=\"Go to post page\" href=\"https:\/\/radio.descargalatina.cl\/latina\/seidy-la-nina-reparto-cubano\/\">\r\n\t\t\t\t\t<span class=\"thumb-info-action-icon thumb-info-action-icon-light\"><i class=\"fas fa-link text-dark\"><\/i><\/span>\r\n\t\t\t\t<\/a>\r\n\t\t\t<\/span>\r\n\t\t<\/div>\r\n\t<\/div>\r\n<\/article>\r\n\r\n<article class=\"post post-grid col-md-6 col-lg-4 post-3275 post type-post status-publish format-standard has-post-thumbnail hentry category-internacionales category-noticias tag-estados-unidos tag-lanzamientos tag-salsa tag-salsa-internacional\">\r\n\r\n\r\n\t<div class=\"thumb-info thumb-info-no-borders thumb-info-bottom-info thumb-info-bottom-info-dark thumb-info-centered-icons\">\r\n\t\t\t\t<div class=\"thumb-info-wrapper\">\r\n\t\t\t<div class=\"post-image\">\r\n\t\t\t\t<img loading=\"lazy\" decoding=\"async\" width=\"450\" height=\"250\" src=\"https:\/\/radio.descargalatina.cl\/latina\/wp-content\/uploads\/2026\/04\/Don-Perignon-scaled-e1775354298250-450x250.jpg\" alt=\"\" \/>\r\n\t\t\t<\/div>\r\n\t\t\t\t\t\t<div class=\"thumb-info-title\">\r\n\t\t\t\t\t\t\t\t\t\t\t\t<span class=\"thumb-info-type\"><a href=\"https:\/\/radio.descargalatina.cl\/latina\/category\/biografias\/internacionales\/\" rel=\"category tag\">Internacionales<\/a> <a href=\"https:\/\/radio.descargalatina.cl\/latina\/category\/lo-que-buscas\/noticias\/\" rel=\"category tag\">Noticias<\/a><\/span>\r\n\t\t\t\t\t\t\t\t<h3 class=\"thumb-info-inner\"><a href=\"https:\/\/radio.descargalatina.cl\/latina\/don-perignon-presenta-hay-que-quererlas-la-nueva-joya-de-su-album-classique-et-savoureux-clasico-y-sabroso\/\">Don Perignon presenta \u00abHay Que Quererlas\u00bb, la nueva joya de su \u00e1lbum\u00a0Classique Et Savoureux \u00bbCl\u00e1sico y Sabroso\u00bb<\/a><\/h3>\r\n\t\t\t\t<div class=\"thumb-info-show-more-content\">\r\n\t\t\t\t\t<p class=\"post-excerpt\">\nEn un momento hist\u00f3rico donde la m\u00fasica tropical exige autenticidad y ra\u00edces, la salsa vuelve a brillar con una fuerza inigualable. El maestro timbalero, director y productor musical Pedro Luis Morales Cortijo, mundialmente celebrado como\u00a0Don Perignon, reafirma su posici\u00f3n como guardi\u00e1n e \u00edcono indiscutible de la m\u00fasica caribe\u00f1a. Hoy, \u00abLa Orquesta del Bailador\u00bb engalana la...<\/p>\t\t\t\t<\/div>\r\n\t\t\t\t\t\t<\/div>\r\n\t\t\t<span class=\"thumb-info-action\">\r\n\t\t\t\t<a aria-label=\"Go to post page\" href=\"https:\/\/radio.descargalatina.cl\/latina\/don-perignon-presenta-hay-que-quererlas-la-nueva-joya-de-su-album-classique-et-savoureux-clasico-y-sabroso\/\">\r\n\t\t\t\t\t<span class=\"thumb-info-action-icon thumb-info-action-icon-light\"><i class=\"fas fa-link text-dark\"><\/i><\/span>\r\n\t\t\t\t<\/a>\r\n\t\t\t<\/span>\r\n\t\t<\/div>\r\n\t<\/div>\r\n<\/article>\r\n\r\n<article class=\"post post-grid col-md-6 col-lg-4 post-3272 post type-post status-publish format-standard has-post-thumbnail hentry category-internacionales category-noticias tag-cantando-vivo-feliz tag-estados-unidos tag-lanzamientos tag-salsa tag-salsa-internacional tag-steve-guasch\">\r\n\r\n\r\n\t<div class=\"thumb-info thumb-info-no-borders thumb-info-bottom-info thumb-info-bottom-info-dark thumb-info-centered-icons\">\r\n\t\t\t\t<div class=\"thumb-info-wrapper\">\r\n\t\t\t<div class=\"post-image\">\r\n\t\t\t\t<img loading=\"lazy\" decoding=\"async\" width=\"450\" height=\"250\" src=\"https:\/\/radio.descargalatina.cl\/latina\/wp-content\/uploads\/2026\/04\/Steve-Guasch-scaled-e1775210188931-450x250.jpg\" alt=\"\" \/>\r\n\t\t\t<\/div>\r\n\t\t\t\t\t\t<div class=\"thumb-info-title\">\r\n\t\t\t\t\t\t\t\t\t\t\t\t<span class=\"thumb-info-type\"><a href=\"https:\/\/radio.descargalatina.cl\/latina\/category\/biografias\/internacionales\/\" rel=\"category tag\">Internacionales<\/a> <a href=\"https:\/\/radio.descargalatina.cl\/latina\/category\/lo-que-buscas\/noticias\/\" rel=\"category tag\">Noticias<\/a><\/span>\r\n\t\t\t\t\t\t\t\t<h3 class=\"thumb-info-inner\"><a href=\"https:\/\/radio.descargalatina.cl\/latina\/steve-guasch-o-n-e-lanzan-su-esperada-produccion-buscando-la-verdad-una-joya-de-la-salsa-tradicional\/\">Steve Guasch &amp; O.N.E. lanzan su esperada producci\u00f3n \u201cbuscando la verdad\u201d, una joya de la salsa tradicional<\/a><\/h3>\r\n\t\t\t\t<div class=\"thumb-info-show-more-content\">\r\n\t\t\t\t\t<p class=\"post-excerpt\">\nEl reconocido productor y m\u00fasico\u00a0Steve Guasch, junto a su\u00a0Orquesta Nueva Era (O.N.E.), anuncian el lanzamiento de su nueva producci\u00f3n discogr\u00e1fica titulada\u00a0\u201cBuscando La Verdad\u201d, disponible a partir de hoy. Este imponente \u00e1lbum viene encabezado por el sencillo promocional\u00a0\u201cCantando vivo Feliz\u201d, magistralmente interpretado por el joven talento puertorrique\u00f1o Francis Rosa Velez (natural de Quebradillas), con composici\u00f3n de...<\/p>\t\t\t\t<\/div>\r\n\t\t\t\t\t\t<\/div>\r\n\t\t\t<span class=\"thumb-info-action\">\r\n\t\t\t\t<a aria-label=\"Go to post page\" href=\"https:\/\/radio.descargalatina.cl\/latina\/steve-guasch-o-n-e-lanzan-su-esperada-produccion-buscando-la-verdad-una-joya-de-la-salsa-tradicional\/\">\r\n\t\t\t\t\t<span class=\"thumb-info-action-icon thumb-info-action-icon-light\"><i class=\"fas fa-link text-dark\"><\/i><\/span>\r\n\t\t\t\t<\/a>\r\n\t\t\t<\/span>\r\n\t\t<\/div>\r\n\t<\/div>\r\n<\/article>\r\n\r\n<article class=\"post post-grid col-md-6 col-lg-4 post-3264 post type-post status-publish format-standard has-post-thumbnail hentry category-eventos category-internacionales category-salsa-en-chile tag-conciertos tag-salsa tag-salsa-internacional\">\r\n\r\n\r\n\t<div class=\"thumb-info thumb-info-no-borders thumb-info-bottom-info thumb-info-bottom-info-dark thumb-info-centered-icons\">\r\n\t\t\t\t<div class=\"thumb-info-wrapper\">\r\n\t\t\t<div class=\"post-image\">\r\n\t\t\t\t<img loading=\"lazy\" decoding=\"async\" width=\"450\" height=\"250\" src=\"https:\/\/radio.descargalatina.cl\/latina\/wp-content\/uploads\/2026\/03\/Van-Van-Chile-diseno-portada-450x250.jpg\" alt=\"\" \/>\r\n\t\t\t<\/div>\r\n\t\t\t\t\t\t<div class=\"thumb-info-title\">\r\n\t\t\t\t\t\t\t\t\t\t\t\t<span class=\"thumb-info-type\"><a href=\"https:\/\/radio.descargalatina.cl\/latina\/category\/lo-que-buscas\/eventos\/\" rel=\"category tag\">Eventos<\/a> <a href=\"https:\/\/radio.descargalatina.cl\/latina\/category\/biografias\/internacionales\/\" rel=\"category tag\">Internacionales<\/a> <a href=\"https:\/\/radio.descargalatina.cl\/latina\/category\/salsa-en-chile\/\" rel=\"category tag\">Salsa en Chile<\/a><\/span>\r\n\t\t\t\t\t\t\t\t<h3 class=\"thumb-info-inner\"><a href=\"https:\/\/radio.descargalatina.cl\/latina\/el-tren-no-se-detiene-formell-y-los-van-van-regresan\/\">EL TREN NO SE DETIENE: FORMELL Y LOS VAN VAN REGRESAN<\/a><\/h3>\r\n\t\t\t\t<div class=\"thumb-info-show-more-content\">\r\n\t\t\t\t\t<p class=\"post-excerpt\">\n\n\n\n\n Una noche hist\u00f3rica en el Teatro Caupolic\u00e1n para celebrar a la leyenda viva de la timba cubana.\n\n\n\nSantiago. El pr\u00f3ximo jueves 9 de abril de 2026, la capital vivir\u00e1 una noche verdaderamente inolvidable con el esperado regreso de Formell y Los Van Van, una de las orquestas m\u00e1s influyentes, queridas y respetadas de la m\u00fasica...<\/p>\t\t\t\t<\/div>\r\n\t\t\t\t\t\t<\/div>\r\n\t\t\t<span class=\"thumb-info-action\">\r\n\t\t\t\t<a aria-label=\"Go to post page\" href=\"https:\/\/radio.descargalatina.cl\/latina\/el-tren-no-se-detiene-formell-y-los-van-van-regresan\/\">\r\n\t\t\t\t\t<span class=\"thumb-info-action-icon thumb-info-action-icon-light\"><i class=\"fas fa-link text-dark\"><\/i><\/span>\r\n\t\t\t\t<\/a>\r\n\t\t\t<\/span>\r\n\t\t<\/div>\r\n\t<\/div>\r\n<\/article>\r\n\r\n<article class=\"post post-grid col-md-6 col-lg-4 post-3258 post type-post status-publish format-standard has-post-thumbnail hentry category-noticias category-salsa-en-chile tag-conciertos tag-salsa\">\r\n\r\n\r\n\t<div class=\"thumb-info thumb-info-no-borders thumb-info-bottom-info thumb-info-bottom-info-dark thumb-info-centered-icons\">\r\n\t\t\t\t<div class=\"thumb-info-wrapper\">\r\n\t\t\t<div class=\"post-image\">\r\n\t\t\t\t<img loading=\"lazy\" decoding=\"async\" width=\"450\" height=\"250\" src=\"https:\/\/radio.descargalatina.cl\/latina\/wp-content\/uploads\/2026\/03\/Salsa-en-Chile-Hoy-450x250.png\" alt=\"\" \/>\r\n\t\t\t<\/div>\r\n\t\t\t\t\t\t<div class=\"thumb-info-title\">\r\n\t\t\t\t\t\t\t\t\t\t\t\t<span class=\"thumb-info-type\"><a href=\"https:\/\/radio.descargalatina.cl\/latina\/category\/lo-que-buscas\/noticias\/\" rel=\"category tag\">Noticias<\/a> <a href=\"https:\/\/radio.descargalatina.cl\/latina\/category\/salsa-en-chile\/\" rel=\"category tag\">Salsa en Chile<\/a><\/span>\r\n\t\t\t\t\t\t\t\t<h3 class=\"thumb-info-inner\"><a href=\"https:\/\/radio.descargalatina.cl\/latina\/salsa-en-chile-2026-eventos-agenda\/\">Salsa en Chile 2026<\/a><\/h3>\r\n\t\t\t\t<div class=\"thumb-info-show-more-content\">\r\n\t\t\t\t\t<p class=\"post-excerpt\">\n\n\n\n\nSalsa en Chile 2026: eventos, historia y auge del movimiento salsero.\n\n\n\nEl movimiento ha pasado de los discos que tra\u00edan los marinos a Valpara\u00edso en los 70, a ser una industria con orquestas locales de exportaci\u00f3n como la Santiago All Stars, NegroSon Orquesta, La Orquesta de Manuel Ram\u00edrez y varias m\u00e1s con integrantes j\u00f3venes de distintas...<\/p>\t\t\t\t<\/div>\r\n\t\t\t\t\t\t<\/div>\r\n\t\t\t<span class=\"thumb-info-action\">\r\n\t\t\t\t<a aria-label=\"Go to post page\" href=\"https:\/\/radio.descargalatina.cl\/latina\/salsa-en-chile-2026-eventos-agenda\/\">\r\n\t\t\t\t\t<span class=\"thumb-info-action-icon thumb-info-action-icon-light\"><i class=\"fas fa-link text-dark\"><\/i><\/span>\r\n\t\t\t\t<\/a>\r\n\t\t\t<\/span>\r\n\t\t<\/div>\r\n\t<\/div>\r\n<\/article>\r\n\r\n\t\r\n\t\t\t<\/div>\r\n\t\t<\/div>\r\n\r\n\t\r\n\t\r\n\t<\/div>[\/vc_column][\/vc_row][vc_row wrap_container=\u00bbyes\u00bb is_section=\u00bbyes\u00bb section_skin=\u00bbparallax\u00bb remove_margin_top=\u00bbyes\u00bb remove_margin_bottom=\u00bbyes\u00bb remove_border=\u00bbyes\u00bb][vc_column width=\u00bb1\/3&#8243; animation_delay=\u00bb200&#8243; animation_type=\u00bbfadeInUp\u00bb][vc_custom_heading text=\u00bb<strong>Popular Posts<\/strong>\u00bb font_container=\u00bbtag:h3|font_size:14|text_align:left\u00bb use_theme_fonts=\u00bbyes\u00bb text_transform=\u00bbtext-uppercase\u00bb css_animation=\u00bbnone\u00bb el_class=\u00bbmb-3&#8243;]<div class=\"porto-blog wpb_content_element   wpb_custom_9c745ac33a8bb4820cfc6b89805915cc porto-blog-e0b603537120859819a60b8e18355fe8\">\t\t<div class=\"blog-posts posts-grid blog-posts-widget\">\r\n\t\t\t<div class=\"posts-container row\">\r\n\t\t<div class=\"post post-grid col-md-12 post-3132 post type-post status-publish format-standard has-post-thumbnail hentry category-internacionales category-noticias tag-la-oreja-media-group tag-lanzamientos tag-menteabierta tag-republica-dominicana tag-salsa tag-salte-de-ese-cuerpo blog-post-item post-item-small\">\r\n\t\t\t<div class=\"post-image img-thumbnail\">\r\n\t\t\t<a href=\"https:\/\/radio.descargalatina.cl\/latina\/menteabierta-presenta-salte-de-ese-cuerpo-la-fusion-vibrante-de-salsa-clasica-y-flow-moderno\/\" aria-label=\"Go to post page\">\r\n\t\t\t\t<img loading=\"lazy\" decoding=\"async\" width=\"85\" height=\"85\" src=\"https:\/\/radio.descargalatina.cl\/latina\/wp-content\/uploads\/2025\/06\/MENTEABIERTA-1-scaled-e1749412529555-85x85.jpg\" alt=\"\" \/>\r\n\t\t\t<\/a>\r\n\t\t<\/div>\r\n\t\t\t\t<div class=\"post-item-content\">\r\n\t\t\t\t\t<span class=\"post-date\">08\/06\/2025<\/span>\r\n\t\t\t\t\t\t<h5 aria-level=\"4\" class=\"post-item-title\"><a href=\"https:\/\/radio.descargalatina.cl\/latina\/menteabierta-presenta-salte-de-ese-cuerpo-la-fusion-vibrante-de-salsa-clasica-y-flow-moderno\/\">Menteabierta presenta \u201cSalte de Ese Cuerpo\u201d: La fusi\u00f3n vibrante de salsa cl\u00e1sica y flow\u00a0moderno<\/a><\/h5>\r\n\t\t\t<\/div>\r\n<\/div>\r\n<div class=\"post post-grid col-md-12 post-3176 post type-post status-publish format-standard has-post-thumbnail hentry category-noticias category-salsa-en-chile tag-10-semanas tag-estados-unidos tag-lanzamientos tag-m tag-max-rosado tag-salsa blog-post-item post-item-small\">\r\n\t\t\t<div class=\"post-image img-thumbnail\">\r\n\t\t\t<a href=\"https:\/\/radio.descargalatina.cl\/latina\/el-cantante-puertorriqueno-max-rosado-debuta-como-cantautor-con-el-lanzamiento-de-su-nuevo-sencillo-10-semanas\/\" aria-label=\"Go to post page\">\r\n\t\t\t\t<img loading=\"lazy\" decoding=\"async\" width=\"85\" height=\"85\" src=\"https:\/\/radio.descargalatina.cl\/latina\/wp-content\/uploads\/2026\/02\/Max-Rosado-10-Semanas-Cover-scaled-e1769982400375-85x85.jpg\" alt=\"\" \/>\r\n\t\t\t<\/a>\r\n\t\t<\/div>\r\n\t\t\t\t<div class=\"post-item-content\">\r\n\t\t\t\t\t<span class=\"post-date\">01\/02\/2026<\/span>\r\n\t\t\t\t\t\t<h5 aria-level=\"4\" class=\"post-item-title\"><a href=\"https:\/\/radio.descargalatina.cl\/latina\/el-cantante-puertorriqueno-max-rosado-debuta-como-cantautor-con-el-lanzamiento-de-su-nuevo-sencillo-10-semanas\/\">El cantante puertorrique\u00f1o Max Rosado debuta como cantautor con el lanzamiento de su nuevo sencillo \u00ab10 Semanas\u00bb<\/a><\/h5>\r\n\t\t\t<\/div>\r\n<\/div>\r\n<div class=\"post post-grid col-md-12 post-3165 post type-post status-publish format-standard has-post-thumbnail hentry category-internacionales category-noticias tag-bachata-internacional blog-post-item post-item-small\">\r\n\t\t\t<div class=\"post-image img-thumbnail\">\r\n\t\t\t<a href=\"https:\/\/radio.descargalatina.cl\/latina\/prince-royce-y-romeo-santos-gira-2026\/\" aria-label=\"Go to post page\">\r\n\t\t\t\t<img loading=\"lazy\" decoding=\"async\" width=\"85\" height=\"85\" src=\"https:\/\/radio.descargalatina.cl\/latina\/wp-content\/uploads\/2026\/01\/romeo-santos-y-prince-roice-85x85.jpg\" alt=\"\" \/>\r\n\t\t\t<\/a>\r\n\t\t<\/div>\r\n\t\t\t\t<div class=\"post-item-content\">\r\n\t\t\t\t\t<span class=\"post-date\">03\/01\/2026<\/span>\r\n\t\t\t\t\t\t<h5 aria-level=\"4\" class=\"post-item-title\"><a href=\"https:\/\/radio.descargalatina.cl\/latina\/prince-royce-y-romeo-santos-gira-2026\/\">Prince Royce y Romeo Santos Gira 2026<\/a><\/h5>\r\n\t\t\t<\/div>\r\n<\/div>\r\n<div class=\"post post-grid col-md-12 post-3159 post type-post status-publish format-standard has-post-thumbnail hentry category-internacionales category-noticias tag-homenaje-a-celia-cruz tag-lanzamientos tag-leslie-rous tag-salsa blog-post-item post-item-small\">\r\n\t\t\t<div class=\"post-image img-thumbnail\">\r\n\t\t\t<a href=\"https:\/\/radio.descargalatina.cl\/latina\/leslie-rous-conquista-el-top-3-radial-con-su-tributo-a-celia-cruz\/\" aria-label=\"Go to post page\">\r\n\t\t\t\t<img loading=\"lazy\" decoding=\"async\" width=\"85\" height=\"85\" src=\"https:\/\/radio.descargalatina.cl\/latina\/wp-content\/uploads\/2025\/12\/Leslie-Rous-85x85.png\" alt=\"\" \/>\r\n\t\t\t<\/a>\r\n\t\t<\/div>\r\n\t\t\t\t<div class=\"post-item-content\">\r\n\t\t\t\t\t<span class=\"post-date\">15\/12\/2025<\/span>\r\n\t\t\t\t\t\t<h5 aria-level=\"4\" class=\"post-item-title\"><a href=\"https:\/\/radio.descargalatina.cl\/latina\/leslie-rous-conquista-el-top-3-radial-con-su-tributo-a-celia-cruz\/\">Leslie Rous Conquista el Top 3 Radial con su Tributo a Celia Cruz<\/a><\/h5>\r\n\t\t\t<\/div>\r\n<\/div>\r\n<div class=\"post post-grid col-md-12 post-3155 post type-post status-publish format-standard has-post-thumbnail hentry category-noticias tag-bachata tag-estados-unidos tag-filo8 tag-lanzamientos tag-si-me-tenias blog-post-item post-item-small\">\r\n\t\t\t<div class=\"post-image img-thumbnail\">\r\n\t\t\t<a href=\"https:\/\/radio.descargalatina.cl\/latina\/filo8-la-charra-costena-lanza-su-tercer-sencillo-si-me-tenias\/\" aria-label=\"Go to post page\">\r\n\t\t\t\t<img loading=\"lazy\" decoding=\"async\" width=\"85\" height=\"85\" src=\"https:\/\/radio.descargalatina.cl\/latina\/wp-content\/uploads\/2025\/12\/Filo8@-Promo-12-85x85.jpg\" alt=\"\" \/>\r\n\t\t\t<\/a>\r\n\t\t<\/div>\r\n\t\t\t\t<div class=\"post-item-content\">\r\n\t\t\t\t\t<span class=\"post-date\">13\/10\/2025<\/span>\r\n\t\t\t\t\t\t<h5 aria-level=\"4\" class=\"post-item-title\"><a href=\"https:\/\/radio.descargalatina.cl\/latina\/filo8-la-charra-costena-lanza-su-tercer-sencillo-si-me-tenias\/\">Filo8@ \u201cLa Charra Coste\u00f1a\u201d Lanza su Tercer Sencillo, \u00abSi Me Ten\u00edas\u00bb<\/a><\/h5>\r\n\t\t\t<\/div>\r\n<\/div>\r\n\r\n\t\r\n\t\t\t<\/div>\r\n\t\t<\/div>\r\n\r\n\t\r\n\t\r\n\t<\/div>[\/vc_column][vc_column width=\u00bb1\/3&#8243; animation_delay=\u00bb600&#8243; animation_type=\u00bbfadeInUp\u00bb][vc_custom_heading text=\u00bb<strong>Recent Posts<\/strong>\u00bb font_container=\u00bbtag:h3|font_size:14|text_align:left\u00bb use_theme_fonts=\u00bbyes\u00bb text_transform=\u00bbtext-uppercase\u00bb css_animation=\u00bbnone\u00bb el_class=\u00bbmb-3&#8243;]<div class=\"porto-blog wpb_content_element   wpb_custom_9c745ac33a8bb4820cfc6b89805915cc porto-blog-e0b603537120859819a60b8e18355fe8\">\t\t<div class=\"blog-posts posts-grid blog-posts-widget\">\r\n\t\t\t<div class=\"posts-container row\">\r\n\t\t<div class=\"post post-grid col-md-12 post-3283 post type-post status-publish format-standard has-post-thumbnail hentry category-sin-categoria blog-post-item post-item-small\">\r\n\t\t\t<div class=\"post-image img-thumbnail\">\r\n\t\t\t<a href=\"https:\/\/radio.descargalatina.cl\/latina\/angela-carrasco-el-regreso-de-una-leyenda\/\" aria-label=\"Go to post page\">\r\n\t\t\t\t<img loading=\"lazy\" decoding=\"async\" width=\"85\" height=\"85\" src=\"https:\/\/radio.descargalatina.cl\/latina\/wp-content\/uploads\/2026\/04\/PORTADA-ANGELA-CARRASCO-CHILE-2026-85x85.jpg\" alt=\"\" \/>\r\n\t\t\t<\/a>\r\n\t\t<\/div>\r\n\t\t\t\t<div class=\"post-item-content\">\r\n\t\t\t\t\t<span class=\"post-date\">22\/04\/2026<\/span>\r\n\t\t\t\t\t\t<h5 aria-level=\"4\" class=\"post-item-title\"><a href=\"https:\/\/radio.descargalatina.cl\/latina\/angela-carrasco-el-regreso-de-una-leyenda\/\">\u00c1ngela Carrasco, El regreso de una leyenda.<\/a><\/h5>\r\n\t\t\t<\/div>\r\n<\/div>\r\n<div class=\"post post-grid col-md-12 post-3279 post type-post status-publish format-standard has-post-thumbnail hentry category-eventos category-internacionales tag-cubaenlacasa tag-flow-cubano tag-musicaurbana tag-repaqueen tag-repartocubano tag-seidy-la-nina blog-post-item post-item-small\">\r\n\t\t\t<div class=\"post-image img-thumbnail\">\r\n\t\t\t<a href=\"https:\/\/radio.descargalatina.cl\/latina\/seidy-la-nina-reparto-cubano\/\" aria-label=\"Go to post page\">\r\n\t\t\t\t<img loading=\"lazy\" decoding=\"async\" width=\"85\" height=\"85\" src=\"https:\/\/radio.descargalatina.cl\/latina\/wp-content\/uploads\/2026\/04\/SEIDY-LA-NINA-85x85.jpg\" alt=\"\" \/>\r\n\t\t\t<\/a>\r\n\t\t<\/div>\r\n\t\t\t\t<div class=\"post-item-content\">\r\n\t\t\t\t\t<span class=\"post-date\">22\/04\/2026<\/span>\r\n\t\t\t\t\t\t<h5 aria-level=\"4\" class=\"post-item-title\"><a href=\"https:\/\/radio.descargalatina.cl\/latina\/seidy-la-nina-reparto-cubano\/\">Seidy \u00abLa Ni\u00f1a\u00bb Repartera.<\/a><\/h5>\r\n\t\t\t<\/div>\r\n<\/div>\r\n<div class=\"post post-grid col-md-12 post-3275 post type-post status-publish format-standard has-post-thumbnail hentry category-internacionales category-noticias tag-estados-unidos tag-lanzamientos tag-salsa tag-salsa-internacional blog-post-item post-item-small\">\r\n\t\t\t<div class=\"post-image img-thumbnail\">\r\n\t\t\t<a href=\"https:\/\/radio.descargalatina.cl\/latina\/don-perignon-presenta-hay-que-quererlas-la-nueva-joya-de-su-album-classique-et-savoureux-clasico-y-sabroso\/\" aria-label=\"Go to post page\">\r\n\t\t\t\t<img loading=\"lazy\" decoding=\"async\" width=\"85\" height=\"85\" src=\"https:\/\/radio.descargalatina.cl\/latina\/wp-content\/uploads\/2026\/04\/Don-Perignon-scaled-e1775354298250-85x85.jpg\" alt=\"\" \/>\r\n\t\t\t<\/a>\r\n\t\t<\/div>\r\n\t\t\t\t<div class=\"post-item-content\">\r\n\t\t\t\t\t<span class=\"post-date\">05\/04\/2026<\/span>\r\n\t\t\t\t\t\t<h5 aria-level=\"4\" class=\"post-item-title\"><a href=\"https:\/\/radio.descargalatina.cl\/latina\/don-perignon-presenta-hay-que-quererlas-la-nueva-joya-de-su-album-classique-et-savoureux-clasico-y-sabroso\/\">Don Perignon presenta \u00abHay Que Quererlas\u00bb, la nueva joya de su \u00e1lbum\u00a0Classique Et Savoureux \u00bbCl\u00e1sico y Sabroso\u00bb<\/a><\/h5>\r\n\t\t\t<\/div>\r\n<\/div>\r\n<div class=\"post post-grid col-md-12 post-3272 post type-post status-publish format-standard has-post-thumbnail hentry category-internacionales category-noticias tag-cantando-vivo-feliz tag-estados-unidos tag-lanzamientos tag-salsa tag-salsa-internacional tag-steve-guasch blog-post-item post-item-small\">\r\n\t\t\t<div class=\"post-image img-thumbnail\">\r\n\t\t\t<a href=\"https:\/\/radio.descargalatina.cl\/latina\/steve-guasch-o-n-e-lanzan-su-esperada-produccion-buscando-la-verdad-una-joya-de-la-salsa-tradicional\/\" aria-label=\"Go to post page\">\r\n\t\t\t\t<img loading=\"lazy\" decoding=\"async\" width=\"85\" height=\"85\" src=\"https:\/\/radio.descargalatina.cl\/latina\/wp-content\/uploads\/2026\/04\/Steve-Guasch-scaled-e1775210188931-85x85.jpg\" alt=\"\" \/>\r\n\t\t\t<\/a>\r\n\t\t<\/div>\r\n\t\t\t\t<div class=\"post-item-content\">\r\n\t\t\t\t\t<span class=\"post-date\">03\/04\/2026<\/span>\r\n\t\t\t\t\t\t<h5 aria-level=\"4\" class=\"post-item-title\"><a href=\"https:\/\/radio.descargalatina.cl\/latina\/steve-guasch-o-n-e-lanzan-su-esperada-produccion-buscando-la-verdad-una-joya-de-la-salsa-tradicional\/\">Steve Guasch &amp; O.N.E. lanzan su esperada producci\u00f3n \u201cbuscando la verdad\u201d, una joya de la salsa tradicional<\/a><\/h5>\r\n\t\t\t<\/div>\r\n<\/div>\r\n<div class=\"post post-grid col-md-12 post-3264 post type-post status-publish format-standard has-post-thumbnail hentry category-eventos category-internacionales category-salsa-en-chile tag-conciertos tag-salsa tag-salsa-internacional blog-post-item post-item-small\">\r\n\t\t\t<div class=\"post-image img-thumbnail\">\r\n\t\t\t<a href=\"https:\/\/radio.descargalatina.cl\/latina\/el-tren-no-se-detiene-formell-y-los-van-van-regresan\/\" aria-label=\"Go to post page\">\r\n\t\t\t\t<img loading=\"lazy\" decoding=\"async\" width=\"85\" height=\"85\" src=\"https:\/\/radio.descargalatina.cl\/latina\/wp-content\/uploads\/2026\/03\/Van-Van-Chile-diseno-portada-85x85.jpg\" alt=\"\" \/>\r\n\t\t\t<\/a>\r\n\t\t<\/div>\r\n\t\t\t\t<div class=\"post-item-content\">\r\n\t\t\t\t\t<span class=\"post-date\">18\/03\/2026<\/span>\r\n\t\t\t\t\t\t<h5 aria-level=\"4\" class=\"post-item-title\"><a href=\"https:\/\/radio.descargalatina.cl\/latina\/el-tren-no-se-detiene-formell-y-los-van-van-regresan\/\">EL TREN NO SE DETIENE: FORMELL Y LOS VAN VAN REGRESAN<\/a><\/h5>\r\n\t\t\t<\/div>\r\n<\/div>\r\n\r\n\t\r\n\t\t\t<\/div>\r\n\t\t<\/div>\r\n\r\n\t\r\n\t\r\n\t<\/div>[\/vc_column][vc_column width=\u00bb1\/3&#8243; animation_delay=\u00bb1000&#8243; animation_type=\u00bbfadeInUp\u00bb][vc_custom_heading text=\u00bb<strong>Featured Posts<\/strong>\u00bb font_container=\u00bbtag:h3|font_size:14|text_align:left\u00bb use_theme_fonts=\u00bbyes\u00bb text_transform=\u00bbtext-uppercase\u00bb el_class=\u00bbmb-3&#8243;]<div class=\"porto-blog wpb_content_element  mb-0  wpb_custom_9c745ac33a8bb4820cfc6b89805915cc porto-blog-e0b603537120859819a60b8e18355fe8\">\t\t<div class=\"blog-posts posts-grid blog-posts-hover_info2\">\r\n\t\t\t<div class=\"posts-container row\">\r\n\t\t\r\n<article class=\"post post-grid col-md-12 post-12 post type-post status-publish format-chat has-post-thumbnail hentry category-noticias category-salsotecas tag-articles tag-chat post_format-post-format-chat\">\r\n\r\n\r\n\t<div class=\"thumb-info thumb-info-no-borders thumb-info-bottom-info thumb-info-bottom-info-dark thumb-info-centered-icons\">\r\n\t\t\t\t<div class=\"thumb-info-wrapper\">\r\n\t\t\t<div class=\"post-image\">\r\n\t\t\t\t<img loading=\"lazy\" decoding=\"async\" width=\"1423\" height=\"800\" src=\"https:\/\/radio.descargalatina.cl\/latina\/wp-content\/uploads\/2018\/03\/Shakira_viene_a_Chile.jpg\" alt=\"\" \/>\r\n\t\t\t<\/div>\r\n\t\t\t\t\t\t<div class=\"thumb-info-title\">\r\n\t\t\t\t\t\t\t\t\t\t\t\t<span class=\"thumb-info-type\"><a href=\"https:\/\/radio.descargalatina.cl\/latina\/category\/lo-que-buscas\/noticias\/\" rel=\"category tag\">Noticias<\/a> <a href=\"https:\/\/radio.descargalatina.cl\/latina\/category\/salsotecas\/\" rel=\"category tag\">Salsotecas<\/a><\/span>\r\n\t\t\t\t\t\t\t\t<h3 class=\"thumb-info-inner\"><a href=\"https:\/\/radio.descargalatina.cl\/latina\/shakira-comienza-gira-que-la-traera-a-chile\/\">Shakira comienza gira que la traer\u00e1 a Chile<\/a><\/h3>\r\n\t\t\t\t<div class=\"thumb-info-show-more-content\">\r\n\t\t\t\t\t<p class=\"post-excerpt\">La cantante colombiana se presentar\u00e1 en nuestro pa\u00eds el pr\u00f3ximo 2 y 3 de marzo en el Estadio Nacional.<\/p>\t\t\t\t<\/div>\r\n\t\t\t\t\t\t<\/div>\r\n\t\t\t<span class=\"thumb-info-action\">\r\n\t\t\t\t<a aria-label=\"Go to post page\" href=\"https:\/\/radio.descargalatina.cl\/latina\/shakira-comienza-gira-que-la-traera-a-chile\/\">\r\n\t\t\t\t\t<span class=\"thumb-info-action-icon thumb-info-action-icon-light\"><i class=\"fas fa-link text-dark\"><\/i><\/span>\r\n\t\t\t\t<\/a>\r\n\t\t\t<\/span>\r\n\t\t<\/div>\r\n\t<\/div>\r\n<\/article>\r\n\r\n\t\r\n\t\t\t<\/div>\r\n\t\t<\/div>\r\n\r\n\t\r\n\t\r\n\t<\/div>[vc_custom_heading text=\u00bb<strong>Fundador, Director, Ceo.<\/strong>\u00bb font_container=\u00bbtag:h3|font_size:14|text_align:left\u00bb use_theme_fonts=\u00bbyes\u00bb text_transform=\u00bbtext-uppercase\u00bb el_class=\u00bbmb-3&#8243; css_params=\u00bb\u00bb]<div class=\"porto-sicon-box  wpb_custom_1efe903570d178ff0a9b7bfa5febd3a4 style_1 left-icon\"><div class=\"porto-sicon-left\"><div class=\"porto-just-icon-wrapper porto-sicon-img  porto-icon-9f5d1cfb45d27d96b50bf473aebba227\" style=\"font-size: 112px;\"><img loading=\"lazy\" decoding=\"async\" class=\"img-icon\" alt=\"\" src=\"https:\/\/radio.descargalatina.cl\/latina\/wp-content\/uploads\/2025\/02\/oscar-catalan.jpg\" width=\"300\" height=\"300\" \/><\/div><\/div><div class=\"porto-sicon-body\"><div class=\"porto-sicon-header\"><a class=\"porto-sicon-box-link\" href=\"#\"><h3 class=\"porto-sicon-title\" style=\"font-weight:700;font-size:16.6px;line-height:30px;\">Oscar Catal\u00e1n<\/h3><\/a><p>Dise\u00f1ador, publicista de profesi\u00f3n due\u00f1o de Creaideas.cl con la que desde el 2008 he logrado financiar, auspiciar, apoyar Descargalatina.cl<\/p><\/div> <!-- header --><\/div><\/div><!-- porto-sicon-box -->[\/vc_column][\/vc_row][vc_row wrap_container=\u00bbyes\u00bb is_section=\u00bbyes\u00bb section_skin=\u00bbprimary\u00bb remove_margin_top=\u00bbyes\u00bb remove_margin_bottom=\u00bbyes\u00bb remove_border=\u00bbyes\u00bb animation_delay=\u00bb200&#8243; animation_type=\u00bbfadeInUp\u00bb][vc_column]<div class=\"porto-carousel owl-carousel has-ccols has-ccols-spacing ccols-xl-6 ccols-lg-4 ccols-md-3 ccols-sm-2 ccols-1 mb-0 category-slider stage-margin wpb_custom_16b29c4c97bd4b224dbf284cfd94279c nav-style-2\" data-plugin-options=\"{&quot;themeConfig&quot;:true,&quot;stagePadding&quot;:50,&quot;margin&quot;:40,&quot;autoplay&quot;:false,&quot;mouseDrag&quot;:true,&quot;touchDrag&quot;:true,&quot;autoplayTimeout&quot;:5000,&quot;autoplayHoverPause&quot;:false,&quot;items&quot;:6,&quot;xl&quot;:6,&quot;lg&quot;:4,&quot;md&quot;:3,&quot;sm&quot;:2,&quot;xs&quot;:1,&quot;nav&quot;:&quot;yes&quot;,&quot;dots&quot;:false,&quot;animateIn&quot;:&quot;&quot;,&quot;animateOut&quot;:&quot;&quot;,&quot;loop&quot;:false,&quot;center&quot;:false,&quot;video&quot;:false,&quot;lazyLoad&quot;:false,&quot;fullscreen&quot;:false}\">[vc_btn title=\u00bbGadgets\u00bb style=\u00bbmodern\u00bb shape=\u00bbsquare\u00bb size=\u00bblg\u00bb align=\u00bbleft\u00bb i_icon_fontawesome=\u00bb\u00bb skin=\u00bbdark\u00bb button_block=\u00bbtrue\u00bb add_icon=\u00bbtrue\u00bb el_class=\u00bbmb-0&#8243; link=\u00bburl:%23|||\u00bb][vc_btn title=\u00bbPhotography\u00bb style=\u00bbmodern\u00bb shape=\u00bbsquare\u00bb size=\u00bblg\u00bb align=\u00bbleft\u00bb i_icon_fontawesome=\u00bb\u00bb skin=\u00bbdark\u00bb button_block=\u00bbtrue\u00bb add_icon=\u00bbtrue\u00bb el_class=\u00bbmb-0&#8243; link=\u00bburl:%23|||\u00bb][vc_btn title=\u00bbLifestyle\u00bb style=\u00bbmodern\u00bb shape=\u00bbsquare\u00bb size=\u00bblg\u00bb align=\u00bbleft\u00bb i_icon_fontawesome=\u00bb\u00bb skin=\u00bbdark\u00bb button_block=\u00bbtrue\u00bb add_icon=\u00bbtrue\u00bb el_class=\u00bbmb-0&#8243; link=\u00bburl:%23|||\u00bb][vc_btn title=\u00bbFashion\u00bb style=\u00bbmodern\u00bb shape=\u00bbsquare\u00bb size=\u00bblg\u00bb align=\u00bbleft\u00bb i_icon_fontawesome=\u00bb\u00bb skin=\u00bbdark\u00bb button_block=\u00bbtrue\u00bb add_icon=\u00bbtrue\u00bb el_class=\u00bbmb-0&#8243; link=\u00bburl:%23|||\u00bb][vc_btn title=\u00bbRecipes\u00bb style=\u00bbmodern\u00bb shape=\u00bbsquare\u00bb size=\u00bblg\u00bb align=\u00bbleft\u00bb i_icon_fontawesome=\u00bb\u00bb skin=\u00bbdark\u00bb button_block=\u00bbtrue\u00bb add_icon=\u00bbtrue\u00bb el_class=\u00bbmb-0&#8243; link=\u00bburl:%23|||\u00bb][vc_btn title=\u00bbTravel\u00bb style=\u00bbmodern\u00bb shape=\u00bbsquare\u00bb size=\u00bblg\u00bb align=\u00bbleft\u00bb i_icon_fontawesome=\u00bb\u00bb skin=\u00bbdark\u00bb button_block=\u00bbtrue\u00bb add_icon=\u00bbtrue\u00bb el_class=\u00bbmb-0&#8243; link=\u00bburl:%23|||\u00bb][vc_btn title=\u00bbFlights\u00bb style=\u00bbmodern\u00bb shape=\u00bbsquare\u00bb size=\u00bblg\u00bb align=\u00bbleft\u00bb i_icon_fontawesome=\u00bb\u00bb skin=\u00bbdark\u00bb button_block=\u00bbtrue\u00bb add_icon=\u00bbtrue\u00bb el_class=\u00bbmb-0&#8243; link=\u00bburl:%23|||\u00bb]<\/div>[\/vc_column][\/vc_row][vc_row wrap_container=\u00bbyes\u00bb el_class=\u00bbhome-main\u00bb css=\u00bb.vc_custom_1553522911795{margin-top: 70px !important;margin-bottom: 50px !important;}\u00bb][vc_column width=\u00bb3\/4&#8243;]<div class=\"porto-blog wpb_content_element   wpb_custom_9c745ac33a8bb4820cfc6b89805915cc porto-blog-e0b603537120859819a60b8e18355fe8\">\r\n\t\t<div class=\"blog-posts posts-large\">\r\n\r\n\t\t<article class=\"post post-large post-3283 post type-post status-publish format-standard has-post-thumbnail hentry category-sin-categoria\">\r\n\t\t<div class=\"post-image single\">\r\n\t\t<div class=\"post-slideshow porto-carousel owl-carousel has-ccols ccols-1  nav-inside nav-inside-center nav-style-2 show-nav-hover\" data-plugin-options='{\"nav\":true}'>\r\n\t\t\t\t\t\t\t\t\t\t\t<a href=\"https:\/\/radio.descargalatina.cl\/latina\/angela-carrasco-el-regreso-de-una-leyenda\/\" aria-label=\"post image\">\r\n\t\t\t\t\t\t\t\t<div class=\"img-thumbnail\">\r\n\t\t\t\t\t\t<img loading=\"lazy\" decoding=\"async\" width=\"1140\" height=\"445\" src=\"https:\/\/radio.descargalatina.cl\/latina\/wp-content\/uploads\/2026\/04\/PORTADA-ANGELA-CARRASCO-CHILE-2026-1140x445.jpg\" class=\"owl-lazy img-responsive\" alt=\"\" \/>\t\t\t\t\t\t\t\t\t\t\t\t\t<span class=\"zoom\" data-src=\"https:\/\/radio.descargalatina.cl\/latina\/wp-content\/uploads\/2026\/04\/PORTADA-ANGELA-CARRASCO-CHILE-2026.jpg\" data-title=\"\"><i class=\"fas fa-search\"><\/i><\/span>\r\n\t\t\t\t\t\t\t\t\t\t\t<\/div>\r\n\t\t\t\t\t\t\t\t<\/a>\r\n\t\t\t\t\t\t\t\t<\/div>\r\n\t\t\r\n\t\t\t<\/div>\r\n\t\r\n\t\t\t<div class=\"post-date\" >\r\n\t\t\t<span class=\"day\">22<\/span><span class=\"month\">Abr<\/span><time datetime=\"2026-04-22\">22\/04\/2026<\/time>\t\t<\/div>\r\n\t\r\n\t<!-- Post meta before content -->\r\n\t\r\n\r\n\t<div class=\"post-content\">\r\n\t\t\t\t<h2 class=\"entry-title\"><a href=\"https:\/\/radio.descargalatina.cl\/latina\/angela-carrasco-el-regreso-de-una-leyenda\/\">\u00c1ngela Carrasco, El regreso de una leyenda.<\/a><\/h2>\r\n\t\t<span class=\"vcard\" style=\"display: none;\"><span class=\"fn\"><a href=\"https:\/\/radio.descargalatina.cl\/latina\/author\/contactocreaideas-cl\/\" title=\"Entradas de Prensa Descargalatina\" rel=\"author\">Prensa Descargalatina<\/a><\/span><\/span><span class=\"updated\" style=\"display:none\">2026-04-22T08:19:46+02:00<\/span><p class=\"post-excerpt\">\n\n\n\n\n\u00c1ngela Carrasco trae la magia de su musical a Chile\n\n\n\n\n\n\n\nUna voz que vive en nuestros recuerdos\n\n\n\n\u00bfQui\u00e9n no ha cantado a todo pulm\u00f3n en el living de su casa temas como \"Quererte a ti\" o \"Si t\u00fa eres mi hombre\"? Hay artistas que no necesitan presentaci\u00f3n porque su voz ya es parte de nuestra historia familiar....<\/p>\t<\/div>\r\n\t<!-- Post meta after content -->\r\n\t<div class=\"post-meta \"><span class=\"meta-author\"><i class=\"far fa-user\"><\/i>By <a href=\"https:\/\/radio.descargalatina.cl\/latina\/author\/contactocreaideas-cl\/\" title=\"Entradas de Prensa Descargalatina\" rel=\"author\">Prensa Descargalatina<\/a><\/span><span class=\"meta-cats\"><i class=\"far fa-folder\"><\/i><a href=\"https:\/\/radio.descargalatina.cl\/latina\/category\/sin-categoria\/\" rel=\"category tag\">Sin categor\u00eda<\/a><\/span><span class=\"meta-comments\"><i class=\"far fa-comments\"><\/i><a href=\"https:\/\/radio.descargalatina.cl\/latina\/angela-carrasco-el-regreso-de-una-leyenda\/#respond\" title=\"Comment on \u00c1ngela Carrasco, El regreso de una leyenda.\">0 Comments<\/a><\/span><span class=\"d-block float-sm-end mt-3 mt-sm-0\"><a class=\"btn btn-xs btn-default text-xs text-uppercase\" href=\"https:\/\/radio.descargalatina.cl\/latina\/angela-carrasco-el-regreso-de-una-leyenda\/\">Read more...<\/a><\/span><\/div>\r\n<\/article>\r\n<article class=\"post post-large post-3279 post type-post status-publish format-standard has-post-thumbnail hentry category-eventos category-internacionales tag-cubaenlacasa tag-flow-cubano tag-musicaurbana tag-repaqueen tag-repartocubano tag-seidy-la-nina\">\r\n\t\t<div class=\"post-image single\">\r\n\t\t<div class=\"post-slideshow porto-carousel owl-carousel has-ccols ccols-1  nav-inside nav-inside-center nav-style-2 show-nav-hover\" data-plugin-options='{\"nav\":true}'>\r\n\t\t\t\t\t\t\t\t\t\t\t<a href=\"https:\/\/radio.descargalatina.cl\/latina\/seidy-la-nina-reparto-cubano\/\" aria-label=\"post image\">\r\n\t\t\t\t\t\t\t\t<div class=\"img-thumbnail\">\r\n\t\t\t\t\t\t<img loading=\"lazy\" decoding=\"async\" width=\"1140\" height=\"445\" src=\"https:\/\/radio.descargalatina.cl\/latina\/wp-content\/uploads\/2026\/04\/SEIDY-LA-NINA-1140x445.jpg\" class=\"owl-lazy img-responsive\" alt=\"\" \/>\t\t\t\t\t\t\t\t\t\t\t\t\t<span class=\"zoom\" data-src=\"https:\/\/radio.descargalatina.cl\/latina\/wp-content\/uploads\/2026\/04\/SEIDY-LA-NINA.jpg\" data-title=\"\"><i class=\"fas fa-search\"><\/i><\/span>\r\n\t\t\t\t\t\t\t\t\t\t\t<\/div>\r\n\t\t\t\t\t\t\t\t<\/a>\r\n\t\t\t\t\t\t\t\t<\/div>\r\n\t\t\r\n\t\t\t<\/div>\r\n\t\r\n\t\t\t<div class=\"post-date\" >\r\n\t\t\t<span class=\"day\">22<\/span><span class=\"month\">Abr<\/span><time datetime=\"2026-04-22\">22\/04\/2026<\/time>\t\t<\/div>\r\n\t\r\n\t<!-- Post meta before content -->\r\n\t\r\n\r\n\t<div class=\"post-content\">\r\n\t\t\t\t<h2 class=\"entry-title\"><a href=\"https:\/\/radio.descargalatina.cl\/latina\/seidy-la-nina-reparto-cubano\/\">Seidy \u00abLa Ni\u00f1a\u00bb Repartera.<\/a><\/h2>\r\n\t\t<span class=\"vcard\" style=\"display: none;\"><span class=\"fn\"><a href=\"https:\/\/radio.descargalatina.cl\/latina\/author\/contactocreaideas-cl\/\" title=\"Entradas de Prensa Descargalatina\" rel=\"author\">Prensa Descargalatina<\/a><\/span><\/span><span class=\"updated\" style=\"display:none\">2026-04-22T06:40:33+02:00<\/span><p class=\"post-excerpt\">\n\n\n\n\nSeidy \"La Ni\u00f1a\": La Cubana que Baila, Canta y Rompe los C\u00f3digos del Reparto\n\n\n\n\n\n\n\nEl panorama de la m\u00fasica urbana latina tiene una nueva figura que no pide permiso, simplemente arrolla: Seidy Carrera, conocida mundialmente como Seidy la Ni\u00f1a. Nacida en el Cotorro, La Habana, y criada en Miami, esta artista polifac\u00e9tica ha logrado algo que...<\/p>\t<\/div>\r\n\t<!-- Post meta after content -->\r\n\t<div class=\"post-meta \"><span class=\"meta-author\"><i class=\"far fa-user\"><\/i>By <a href=\"https:\/\/radio.descargalatina.cl\/latina\/author\/contactocreaideas-cl\/\" title=\"Entradas de Prensa Descargalatina\" rel=\"author\">Prensa Descargalatina<\/a><\/span><span class=\"meta-cats\"><i class=\"far fa-folder\"><\/i><a href=\"https:\/\/radio.descargalatina.cl\/latina\/category\/lo-que-buscas\/eventos\/\" rel=\"category tag\">Eventos<\/a>, <a href=\"https:\/\/radio.descargalatina.cl\/latina\/category\/biografias\/internacionales\/\" rel=\"category tag\">Internacionales<\/a><\/span><span class=\"meta-tags\"><i class=\"far fa-envelope\"><\/i><a href=\"https:\/\/radio.descargalatina.cl\/latina\/tag\/cubaenlacasa\/\" rel=\"tag\">CubaEnLaCasa<\/a>, <a href=\"https:\/\/radio.descargalatina.cl\/latina\/tag\/flow-cubano\/\" rel=\"tag\">Flow Cubano<\/a>, <a href=\"https:\/\/radio.descargalatina.cl\/latina\/tag\/musicaurbana\/\" rel=\"tag\">MusicaUrbana<\/a>, <a href=\"https:\/\/radio.descargalatina.cl\/latina\/tag\/repaqueen\/\" rel=\"tag\">RepaQueen<\/a>, <a href=\"https:\/\/radio.descargalatina.cl\/latina\/tag\/repartocubano\/\" rel=\"tag\">RepartoCubano<\/a>, <a href=\"https:\/\/radio.descargalatina.cl\/latina\/tag\/seidy-la-nina\/\" rel=\"tag\">Seidy La Ni\u00f1a<\/a><\/span><span class=\"meta-comments\"><i class=\"far fa-comments\"><\/i><a href=\"https:\/\/radio.descargalatina.cl\/latina\/seidy-la-nina-reparto-cubano\/#respond\" title=\"Comment on Seidy \u00abLa Ni\u00f1a\u00bb Repartera.\">0 Comments<\/a><\/span><span class=\"d-block float-sm-end mt-3 mt-sm-0\"><a class=\"btn btn-xs btn-default text-xs text-uppercase\" href=\"https:\/\/radio.descargalatina.cl\/latina\/seidy-la-nina-reparto-cubano\/\">Read more...<\/a><\/span><\/div>\r\n<\/article>\r\n<article class=\"post post-large post-3275 post type-post status-publish format-standard has-post-thumbnail hentry category-internacionales category-noticias tag-estados-unidos tag-lanzamientos tag-salsa tag-salsa-internacional\">\r\n\t\t<div class=\"post-image single\">\r\n\t\t<div class=\"post-slideshow porto-carousel owl-carousel has-ccols ccols-1  nav-inside nav-inside-center nav-style-2 show-nav-hover\" data-plugin-options='{\"nav\":true}'>\r\n\t\t\t\t\t\t\t\t\t\t\t<a href=\"https:\/\/radio.descargalatina.cl\/latina\/don-perignon-presenta-hay-que-quererlas-la-nueva-joya-de-su-album-classique-et-savoureux-clasico-y-sabroso\/\" aria-label=\"post image\">\r\n\t\t\t\t\t\t\t\t<div class=\"img-thumbnail\">\r\n\t\t\t\t\t\t<img loading=\"lazy\" decoding=\"async\" width=\"1140\" height=\"445\" src=\"https:\/\/radio.descargalatina.cl\/latina\/wp-content\/uploads\/2026\/04\/Don-Perignon-scaled-e1775354298250-1140x445.jpg\" class=\"owl-lazy img-responsive\" alt=\"\" srcset=\"https:\/\/radio.descargalatina.cl\/latina\/wp-content\/uploads\/2026\/04\/Don-Perignon-scaled-e1775354298250-1140x445.jpg 1140w, https:\/\/radio.descargalatina.cl\/latina\/wp-content\/uploads\/2026\/04\/Don-Perignon-scaled-e1775354298250-640x249.jpg 640w, https:\/\/radio.descargalatina.cl\/latina\/wp-content\/uploads\/2026\/04\/Don-Perignon-scaled-e1775354298250-400x155.jpg 400w, https:\/\/radio.descargalatina.cl\/latina\/wp-content\/uploads\/2026\/04\/Don-Perignon-scaled-e1775354298250-367x142.jpg 367w\" sizes=\"auto, (max-width: 1140px) 100vw, 1140px\" \/>\t\t\t\t\t\t\t\t\t\t\t\t\t<span class=\"zoom\" data-src=\"https:\/\/radio.descargalatina.cl\/latina\/wp-content\/uploads\/2026\/04\/Don-Perignon-scaled-e1775354298250.jpg\" data-title=\"\"><i class=\"fas fa-search\"><\/i><\/span>\r\n\t\t\t\t\t\t\t\t\t\t\t<\/div>\r\n\t\t\t\t\t\t\t\t<\/a>\r\n\t\t\t\t\t\t\t\t<\/div>\r\n\t\t\r\n\t\t\t<\/div>\r\n\t\r\n\t\t\t<div class=\"post-date\" >\r\n\t\t\t<span class=\"day\">05<\/span><span class=\"month\">Abr<\/span><time datetime=\"2026-04-05\">05\/04\/2026<\/time>\t\t<\/div>\r\n\t\r\n\t<!-- Post meta before content -->\r\n\t\r\n\r\n\t<div class=\"post-content\">\r\n\t\t\t\t<h2 class=\"entry-title\"><a href=\"https:\/\/radio.descargalatina.cl\/latina\/don-perignon-presenta-hay-que-quererlas-la-nueva-joya-de-su-album-classique-et-savoureux-clasico-y-sabroso\/\">Don Perignon presenta \u00abHay Que Quererlas\u00bb, la nueva joya de su \u00e1lbum\u00a0Classique Et Savoureux \u00bbCl\u00e1sico y Sabroso\u00bb<\/a><\/h2>\r\n\t\t<span class=\"vcard\" style=\"display: none;\"><span class=\"fn\"><a href=\"https:\/\/radio.descargalatina.cl\/latina\/author\/tumbaomedia\/\" title=\"Entradas de Tumbao Media\" rel=\"author\">Tumbao Media<\/a><\/span><\/span><span class=\"updated\" style=\"display:none\">2026-04-05T03:59:00+02:00<\/span><p class=\"post-excerpt\">\nEn un momento hist\u00f3rico donde la m\u00fasica tropical exige autenticidad y ra\u00edces, la salsa vuelve a brillar con una fuerza inigualable. El maestro timbalero, director y productor musical Pedro Luis Morales Cortijo, mundialmente celebrado como\u00a0Don Perignon, reafirma su posici\u00f3n como guardi\u00e1n e \u00edcono indiscutible de la m\u00fasica caribe\u00f1a. Hoy, \u00abLa Orquesta del Bailador\u00bb engalana la...<\/p>\t<\/div>\r\n\t<!-- Post meta after content -->\r\n\t<div class=\"post-meta \"><span class=\"meta-author\"><i class=\"far fa-user\"><\/i>By <a href=\"https:\/\/radio.descargalatina.cl\/latina\/author\/tumbaomedia\/\" title=\"Entradas de Tumbao Media\" rel=\"author\">Tumbao Media<\/a><\/span><span class=\"meta-cats\"><i class=\"far fa-folder\"><\/i><a href=\"https:\/\/radio.descargalatina.cl\/latina\/category\/biografias\/internacionales\/\" rel=\"category tag\">Internacionales<\/a>, <a href=\"https:\/\/radio.descargalatina.cl\/latina\/category\/lo-que-buscas\/noticias\/\" rel=\"category tag\">Noticias<\/a><\/span><span class=\"meta-tags\"><i class=\"far fa-envelope\"><\/i><a href=\"https:\/\/radio.descargalatina.cl\/latina\/tag\/estados-unidos\/\" rel=\"tag\">Estados Unidos<\/a>, <a href=\"https:\/\/radio.descargalatina.cl\/latina\/tag\/lanzamientos\/\" rel=\"tag\">lanzamientos<\/a>, <a href=\"https:\/\/radio.descargalatina.cl\/latina\/tag\/salsa\/\" rel=\"tag\">salsa<\/a>, <a href=\"https:\/\/radio.descargalatina.cl\/latina\/tag\/salsa-internacional\/\" rel=\"tag\">salsa internacional<\/a><\/span><span class=\"meta-comments\"><i class=\"far fa-comments\"><\/i><a href=\"https:\/\/radio.descargalatina.cl\/latina\/don-perignon-presenta-hay-que-quererlas-la-nueva-joya-de-su-album-classique-et-savoureux-clasico-y-sabroso\/#respond\" title=\"Comment on Don Perignon presenta \u00abHay Que Quererlas\u00bb, la nueva joya de su \u00e1lbum\u00a0Classique Et Savoureux \u00bbCl\u00e1sico y Sabroso\u00bb\">0 Comments<\/a><\/span><span class=\"d-block float-sm-end mt-3 mt-sm-0\"><a class=\"btn btn-xs btn-default text-xs text-uppercase\" href=\"https:\/\/radio.descargalatina.cl\/latina\/don-perignon-presenta-hay-que-quererlas-la-nueva-joya-de-su-album-classique-et-savoureux-clasico-y-sabroso\/\">Read more...<\/a><\/span><\/div>\r\n<\/article>\r\n<article class=\"post post-large post-3272 post type-post status-publish format-standard has-post-thumbnail hentry category-internacionales category-noticias tag-cantando-vivo-feliz tag-estados-unidos tag-lanzamientos tag-salsa tag-salsa-internacional tag-steve-guasch\">\r\n\t\t<div class=\"post-image single\">\r\n\t\t<div class=\"post-slideshow porto-carousel owl-carousel has-ccols ccols-1  nav-inside nav-inside-center nav-style-2 show-nav-hover\" data-plugin-options='{\"nav\":true}'>\r\n\t\t\t\t\t\t\t\t\t\t\t<a href=\"https:\/\/radio.descargalatina.cl\/latina\/steve-guasch-o-n-e-lanzan-su-esperada-produccion-buscando-la-verdad-una-joya-de-la-salsa-tradicional\/\" aria-label=\"post image\">\r\n\t\t\t\t\t\t\t\t<div class=\"img-thumbnail\">\r\n\t\t\t\t\t\t<img loading=\"lazy\" decoding=\"async\" width=\"1140\" height=\"445\" src=\"https:\/\/radio.descargalatina.cl\/latina\/wp-content\/uploads\/2026\/04\/Steve-Guasch-scaled-e1775210188931-1140x445.jpg\" class=\"owl-lazy img-responsive\" alt=\"\" \/>\t\t\t\t\t\t\t\t\t\t\t\t\t<span class=\"zoom\" data-src=\"https:\/\/radio.descargalatina.cl\/latina\/wp-content\/uploads\/2026\/04\/Steve-Guasch-scaled-e1775210188931.jpg\" data-title=\"\"><i class=\"fas fa-search\"><\/i><\/span>\r\n\t\t\t\t\t\t\t\t\t\t\t<\/div>\r\n\t\t\t\t\t\t\t\t<\/a>\r\n\t\t\t\t\t\t\t\t<\/div>\r\n\t\t\r\n\t\t\t<\/div>\r\n\t\r\n\t\t\t<div class=\"post-date\" >\r\n\t\t\t<span class=\"day\">03<\/span><span class=\"month\">Abr<\/span><time datetime=\"2026-04-03\">03\/04\/2026<\/time>\t\t<\/div>\r\n\t\r\n\t<!-- Post meta before content -->\r\n\t\r\n\r\n\t<div class=\"post-content\">\r\n\t\t\t\t<h2 class=\"entry-title\"><a href=\"https:\/\/radio.descargalatina.cl\/latina\/steve-guasch-o-n-e-lanzan-su-esperada-produccion-buscando-la-verdad-una-joya-de-la-salsa-tradicional\/\">Steve Guasch &amp; O.N.E. lanzan su esperada producci\u00f3n \u201cbuscando la verdad\u201d, una joya de la salsa tradicional<\/a><\/h2>\r\n\t\t<span class=\"vcard\" style=\"display: none;\"><span class=\"fn\"><a href=\"https:\/\/radio.descargalatina.cl\/latina\/author\/tumbaomedia\/\" title=\"Entradas de Tumbao Media\" rel=\"author\">Tumbao Media<\/a><\/span><\/span><span class=\"updated\" style=\"display:none\">2026-04-03T11:53:16+02:00<\/span><p class=\"post-excerpt\">\nEl reconocido productor y m\u00fasico\u00a0Steve Guasch, junto a su\u00a0Orquesta Nueva Era (O.N.E.), anuncian el lanzamiento de su nueva producci\u00f3n discogr\u00e1fica titulada\u00a0\u201cBuscando La Verdad\u201d, disponible a partir de hoy. Este imponente \u00e1lbum viene encabezado por el sencillo promocional\u00a0\u201cCantando vivo Feliz\u201d, magistralmente interpretado por el joven talento puertorrique\u00f1o Francis Rosa Velez (natural de Quebradillas), con composici\u00f3n de...<\/p>\t<\/div>\r\n\t<!-- Post meta after content -->\r\n\t<div class=\"post-meta \"><span class=\"meta-author\"><i class=\"far fa-user\"><\/i>By <a href=\"https:\/\/radio.descargalatina.cl\/latina\/author\/tumbaomedia\/\" title=\"Entradas de Tumbao Media\" rel=\"author\">Tumbao Media<\/a><\/span><span class=\"meta-cats\"><i class=\"far fa-folder\"><\/i><a href=\"https:\/\/radio.descargalatina.cl\/latina\/category\/biografias\/internacionales\/\" rel=\"category tag\">Internacionales<\/a>, <a href=\"https:\/\/radio.descargalatina.cl\/latina\/category\/lo-que-buscas\/noticias\/\" rel=\"category tag\">Noticias<\/a><\/span><span class=\"meta-tags\"><i class=\"far fa-envelope\"><\/i><a href=\"https:\/\/radio.descargalatina.cl\/latina\/tag\/cantando-vivo-feliz\/\" rel=\"tag\">Cantando Vivo Feliz<\/a>, <a href=\"https:\/\/radio.descargalatina.cl\/latina\/tag\/estados-unidos\/\" rel=\"tag\">Estados Unidos<\/a>, <a href=\"https:\/\/radio.descargalatina.cl\/latina\/tag\/lanzamientos\/\" rel=\"tag\">lanzamientos<\/a>, <a href=\"https:\/\/radio.descargalatina.cl\/latina\/tag\/salsa\/\" rel=\"tag\">salsa<\/a>, <a href=\"https:\/\/radio.descargalatina.cl\/latina\/tag\/salsa-internacional\/\" rel=\"tag\">salsa internacional<\/a>, <a href=\"https:\/\/radio.descargalatina.cl\/latina\/tag\/steve-guasch\/\" rel=\"tag\">Steve Guasch<\/a><\/span><span class=\"meta-comments\"><i class=\"far fa-comments\"><\/i><a href=\"https:\/\/radio.descargalatina.cl\/latina\/steve-guasch-o-n-e-lanzan-su-esperada-produccion-buscando-la-verdad-una-joya-de-la-salsa-tradicional\/#respond\" title=\"Comment on Steve Guasch &amp; O.N.E. lanzan su esperada producci\u00f3n \u201cbuscando la verdad\u201d, una joya de la salsa tradicional\">0 Comments<\/a><\/span><span class=\"d-block float-sm-end mt-3 mt-sm-0\"><a class=\"btn btn-xs btn-default text-xs text-uppercase\" href=\"https:\/\/radio.descargalatina.cl\/latina\/steve-guasch-o-n-e-lanzan-su-esperada-produccion-buscando-la-verdad-una-joya-de-la-salsa-tradicional\/\">Read more...<\/a><\/span><\/div>\r\n<\/article>\r\n<article class=\"post post-large post-3264 post type-post status-publish format-standard has-post-thumbnail hentry category-eventos category-internacionales category-salsa-en-chile tag-conciertos tag-salsa tag-salsa-internacional\">\r\n\t\t<div class=\"post-image single\">\r\n\t\t<div class=\"post-slideshow porto-carousel owl-carousel has-ccols ccols-1  nav-inside nav-inside-center nav-style-2 show-nav-hover\" data-plugin-options='{\"nav\":true}'>\r\n\t\t\t\t\t\t\t\t\t\t\t<a href=\"https:\/\/radio.descargalatina.cl\/latina\/el-tren-no-se-detiene-formell-y-los-van-van-regresan\/\" aria-label=\"post image\">\r\n\t\t\t\t\t\t\t\t<div class=\"img-thumbnail\">\r\n\t\t\t\t\t\t<img loading=\"lazy\" decoding=\"async\" width=\"1140\" height=\"445\" src=\"https:\/\/radio.descargalatina.cl\/latina\/wp-content\/uploads\/2026\/03\/Van-Van-Chile-diseno-portada.jpg\" class=\"owl-lazy img-responsive\" alt=\"\" srcset=\"https:\/\/radio.descargalatina.cl\/latina\/wp-content\/uploads\/2026\/03\/Van-Van-Chile-diseno-portada.jpg 1140w, https:\/\/radio.descargalatina.cl\/latina\/wp-content\/uploads\/2026\/03\/Van-Van-Chile-diseno-portada-1024x400.jpg 1024w, https:\/\/radio.descargalatina.cl\/latina\/wp-content\/uploads\/2026\/03\/Van-Van-Chile-diseno-portada-768x300.jpg 768w, https:\/\/radio.descargalatina.cl\/latina\/wp-content\/uploads\/2026\/03\/Van-Van-Chile-diseno-portada-640x250.jpg 640w, https:\/\/radio.descargalatina.cl\/latina\/wp-content\/uploads\/2026\/03\/Van-Van-Chile-diseno-portada-400x156.jpg 400w, https:\/\/radio.descargalatina.cl\/latina\/wp-content\/uploads\/2026\/03\/Van-Van-Chile-diseno-portada-367x143.jpg 367w\" sizes=\"auto, (max-width: 1140px) 100vw, 1140px\" \/>\t\t\t\t\t\t\t\t\t\t\t\t\t<span class=\"zoom\" data-src=\"https:\/\/radio.descargalatina.cl\/latina\/wp-content\/uploads\/2026\/03\/Van-Van-Chile-diseno-portada.jpg\" data-title=\"\"><i class=\"fas fa-search\"><\/i><\/span>\r\n\t\t\t\t\t\t\t\t\t\t\t<\/div>\r\n\t\t\t\t\t\t\t\t<\/a>\r\n\t\t\t\t\t\t\t\t<\/div>\r\n\t\t\r\n\t\t\t<\/div>\r\n\t\r\n\t\t\t<div class=\"post-date\" >\r\n\t\t\t<span class=\"day\">18<\/span><span class=\"month\">Mar<\/span><time datetime=\"2026-03-18\">18\/03\/2026<\/time>\t\t<\/div>\r\n\t\r\n\t<!-- Post meta before content -->\r\n\t\r\n\r\n\t<div class=\"post-content\">\r\n\t\t\t\t<h2 class=\"entry-title\"><a href=\"https:\/\/radio.descargalatina.cl\/latina\/el-tren-no-se-detiene-formell-y-los-van-van-regresan\/\">EL TREN NO SE DETIENE: FORMELL Y LOS VAN VAN REGRESAN<\/a><\/h2>\r\n\t\t<span class=\"vcard\" style=\"display: none;\"><span class=\"fn\"><a href=\"https:\/\/radio.descargalatina.cl\/latina\/author\/sofia\/\" title=\"Entradas de Sofia Prensa\" rel=\"author\">Sofia Prensa<\/a><\/span><\/span><span class=\"updated\" style=\"display:none\">2026-03-18T22:31:19+01:00<\/span><p class=\"post-excerpt\">\n\n\n\n\n Una noche hist\u00f3rica en el Teatro Caupolic\u00e1n para celebrar a la leyenda viva de la timba cubana.\n\n\n\nSantiago. El pr\u00f3ximo jueves 9 de abril de 2026, la capital vivir\u00e1 una noche verdaderamente inolvidable con el esperado regreso de Formell y Los Van Van, una de las orquestas m\u00e1s influyentes, queridas y respetadas de la m\u00fasica...<\/p>\t<\/div>\r\n\t<!-- Post meta after content -->\r\n\t<div class=\"post-meta \"><span class=\"meta-author\"><i class=\"far fa-user\"><\/i>By <a href=\"https:\/\/radio.descargalatina.cl\/latina\/author\/sofia\/\" title=\"Entradas de Sofia Prensa\" rel=\"author\">Sofia Prensa<\/a><\/span><span class=\"meta-cats\"><i class=\"far fa-folder\"><\/i><a href=\"https:\/\/radio.descargalatina.cl\/latina\/category\/lo-que-buscas\/eventos\/\" rel=\"category tag\">Eventos<\/a>, <a href=\"https:\/\/radio.descargalatina.cl\/latina\/category\/biografias\/internacionales\/\" rel=\"category tag\">Internacionales<\/a>, <a href=\"https:\/\/radio.descargalatina.cl\/latina\/category\/salsa-en-chile\/\" rel=\"category tag\">Salsa en Chile<\/a><\/span><span class=\"meta-tags\"><i class=\"far fa-envelope\"><\/i><a href=\"https:\/\/radio.descargalatina.cl\/latina\/tag\/conciertos\/\" rel=\"tag\">conciertos<\/a>, <a href=\"https:\/\/radio.descargalatina.cl\/latina\/tag\/salsa\/\" rel=\"tag\">salsa<\/a>, <a href=\"https:\/\/radio.descargalatina.cl\/latina\/tag\/salsa-internacional\/\" rel=\"tag\">salsa internacional<\/a><\/span><span class=\"meta-comments\"><i class=\"far fa-comments\"><\/i><a href=\"https:\/\/radio.descargalatina.cl\/latina\/el-tren-no-se-detiene-formell-y-los-van-van-regresan\/#respond\" title=\"Comment on EL TREN NO SE DETIENE: FORMELL Y LOS VAN VAN REGRESAN\">0 Comments<\/a><\/span><span class=\"d-block float-sm-end mt-3 mt-sm-0\"><a class=\"btn btn-xs btn-default text-xs text-uppercase\" href=\"https:\/\/radio.descargalatina.cl\/latina\/el-tren-no-se-detiene-formell-y-los-van-van-regresan\/\">Read more...<\/a><\/span><\/div>\r\n<\/article>\r\n<article class=\"post post-large post-3258 post type-post status-publish format-standard has-post-thumbnail hentry category-noticias category-salsa-en-chile tag-conciertos tag-salsa\">\r\n\t\t<div class=\"post-image single\">\r\n\t\t<div class=\"post-slideshow porto-carousel owl-carousel has-ccols ccols-1  nav-inside nav-inside-center nav-style-2 show-nav-hover\" data-plugin-options='{\"nav\":true}'>\r\n\t\t\t\t\t\t\t\t\t\t\t<a href=\"https:\/\/radio.descargalatina.cl\/latina\/salsa-en-chile-2026-eventos-agenda\/\" aria-label=\"post image\">\r\n\t\t\t\t\t\t\t\t<div class=\"img-thumbnail\">\r\n\t\t\t\t\t\t<img loading=\"lazy\" decoding=\"async\" width=\"1140\" height=\"445\" src=\"https:\/\/radio.descargalatina.cl\/latina\/wp-content\/uploads\/2026\/03\/Salsa-en-Chile-Hoy-1140x445.png\" class=\"owl-lazy img-responsive\" alt=\"\" \/>\t\t\t\t\t\t\t\t\t\t\t\t\t<span class=\"zoom\" data-src=\"https:\/\/radio.descargalatina.cl\/latina\/wp-content\/uploads\/2026\/03\/Salsa-en-Chile-Hoy-scaled.png\" data-title=\"\"><i class=\"fas fa-search\"><\/i><\/span>\r\n\t\t\t\t\t\t\t\t\t\t\t<\/div>\r\n\t\t\t\t\t\t\t\t<\/a>\r\n\t\t\t\t\t\t\t\t<\/div>\r\n\t\t\r\n\t\t\t<\/div>\r\n\t\r\n\t\t\t<div class=\"post-date\" >\r\n\t\t\t<span class=\"day\">17<\/span><span class=\"month\">Mar<\/span><time datetime=\"2026-03-17\">17\/03\/2026<\/time>\t\t<\/div>\r\n\t\r\n\t<!-- Post meta before content -->\r\n\t\r\n\r\n\t<div class=\"post-content\">\r\n\t\t\t\t<h2 class=\"entry-title\"><a href=\"https:\/\/radio.descargalatina.cl\/latina\/salsa-en-chile-2026-eventos-agenda\/\">Salsa en Chile 2026<\/a><\/h2>\r\n\t\t<span class=\"vcard\" style=\"display: none;\"><span class=\"fn\"><a href=\"https:\/\/radio.descargalatina.cl\/latina\/author\/contactocreaideas-cl\/\" title=\"Entradas de Prensa Descargalatina\" rel=\"author\">Prensa Descargalatina<\/a><\/span><\/span><span class=\"updated\" style=\"display:none\">2026-03-17T02:08:32+01:00<\/span><p class=\"post-excerpt\">\n\n\n\n\nSalsa en Chile 2026: eventos, historia y auge del movimiento salsero.\n\n\n\nEl movimiento ha pasado de los discos que tra\u00edan los marinos a Valpara\u00edso en los 70, a ser una industria con orquestas locales de exportaci\u00f3n como la Santiago All Stars, NegroSon Orquesta, La Orquesta de Manuel Ram\u00edrez y varias m\u00e1s con integrantes j\u00f3venes de distintas...<\/p>\t<\/div>\r\n\t<!-- Post meta after content -->\r\n\t<div class=\"post-meta \"><span class=\"meta-author\"><i class=\"far fa-user\"><\/i>By <a href=\"https:\/\/radio.descargalatina.cl\/latina\/author\/contactocreaideas-cl\/\" title=\"Entradas de Prensa Descargalatina\" rel=\"author\">Prensa Descargalatina<\/a><\/span><span class=\"meta-cats\"><i class=\"far fa-folder\"><\/i><a href=\"https:\/\/radio.descargalatina.cl\/latina\/category\/lo-que-buscas\/noticias\/\" rel=\"category tag\">Noticias<\/a>, <a href=\"https:\/\/radio.descargalatina.cl\/latina\/category\/salsa-en-chile\/\" rel=\"category tag\">Salsa en Chile<\/a><\/span><span class=\"meta-tags\"><i class=\"far fa-envelope\"><\/i><a href=\"https:\/\/radio.descargalatina.cl\/latina\/tag\/conciertos\/\" rel=\"tag\">conciertos<\/a>, <a href=\"https:\/\/radio.descargalatina.cl\/latina\/tag\/salsa\/\" rel=\"tag\">salsa<\/a><\/span><span class=\"meta-comments\"><i class=\"far fa-comments\"><\/i><a href=\"https:\/\/radio.descargalatina.cl\/latina\/salsa-en-chile-2026-eventos-agenda\/#respond\" title=\"Comment on Salsa en Chile 2026\">0 Comments<\/a><\/span><span class=\"d-block float-sm-end mt-3 mt-sm-0\"><a class=\"btn btn-xs btn-default text-xs text-uppercase\" href=\"https:\/\/radio.descargalatina.cl\/latina\/salsa-en-chile-2026-eventos-agenda\/\">Read more...<\/a><\/span><\/div>\r\n<\/article>\r\n<article class=\"post post-large post-3250 post type-post status-publish format-standard has-post-thumbnail hentry category-eventos category-internacionales category-noticias\">\r\n\t\t<div class=\"post-image single\">\r\n\t\t<div class=\"post-slideshow porto-carousel owl-carousel has-ccols ccols-1  nav-inside nav-inside-center nav-style-2 show-nav-hover\" data-plugin-options='{\"nav\":true}'>\r\n\t\t\t\t\t\t\t\t\t\t\t<a href=\"https:\/\/radio.descargalatina.cl\/latina\/marco-antonio-solis-chile-2026-entradas\/\" aria-label=\"post image\">\r\n\t\t\t\t\t\t\t\t<div class=\"img-thumbnail\">\r\n\t\t\t\t\t\t<img loading=\"lazy\" decoding=\"async\" width=\"1140\" height=\"445\" src=\"https:\/\/radio.descargalatina.cl\/latina\/wp-content\/uploads\/2026\/03\/Marco-Antonio-Solis-1140x445.png\" class=\"owl-lazy img-responsive\" alt=\"\" \/>\t\t\t\t\t\t\t\t\t\t\t\t\t<span class=\"zoom\" data-src=\"https:\/\/radio.descargalatina.cl\/latina\/wp-content\/uploads\/2026\/03\/Marco-Antonio-Solis-scaled.png\" data-title=\"\"><i class=\"fas fa-search\"><\/i><\/span>\r\n\t\t\t\t\t\t\t\t\t\t\t<\/div>\r\n\t\t\t\t\t\t\t\t<\/a>\r\n\t\t\t\t\t\t\t\t<\/div>\r\n\t\t\r\n\t\t\t<\/div>\r\n\t\r\n\t\t\t<div class=\"post-date\" >\r\n\t\t\t<span class=\"day\">10<\/span><span class=\"month\">Mar<\/span><time datetime=\"2026-03-10\">10\/03\/2026<\/time>\t\t<\/div>\r\n\t\r\n\t<!-- Post meta before content -->\r\n\t\r\n\r\n\t<div class=\"post-content\">\r\n\t\t\t\t<h2 class=\"entry-title\"><a href=\"https:\/\/radio.descargalatina.cl\/latina\/marco-antonio-solis-chile-2026-entradas\/\">Marco Antonio Sol\u00eds en Chile \u00abGratitud Tour 2026\u00bb<\/a><\/h2>\r\n\t\t<span class=\"vcard\" style=\"display: none;\"><span class=\"fn\"><a href=\"https:\/\/radio.descargalatina.cl\/latina\/author\/contactocreaideas-cl\/\" title=\"Entradas de Prensa Descargalatina\" rel=\"author\">Prensa Descargalatina<\/a><\/span><\/span><span class=\"updated\" style=\"display:none\">2026-03-10T07:16:56+01:00<\/span><p class=\"post-excerpt\">\n\n\n\n\n\n\n\n\n\u00a1El Buki vuelve a casa! Marco Antonio Sol\u00eds confirma concierto en Chile para su \"Gratitud Tour 2026\"\n\n\n\n\n\n\n\n\u00bfPensabas que el 2026 no pod\u00eda ponerse m\u00e1s rom\u00e1ntico? Prep\u00e1rate, porque el maestro de maestros, Marco Antonio Sol\u00eds, ha confirmado oficialmente su regreso a tierras chilenas. Tras un 2025 que lo vio brillar en los escenarios m\u00e1s importantes del...<\/p>\t<\/div>\r\n\t<!-- Post meta after content -->\r\n\t<div class=\"post-meta \"><span class=\"meta-author\"><i class=\"far fa-user\"><\/i>By <a href=\"https:\/\/radio.descargalatina.cl\/latina\/author\/contactocreaideas-cl\/\" title=\"Entradas de Prensa Descargalatina\" rel=\"author\">Prensa Descargalatina<\/a><\/span><span class=\"meta-cats\"><i class=\"far fa-folder\"><\/i><a href=\"https:\/\/radio.descargalatina.cl\/latina\/category\/lo-que-buscas\/eventos\/\" rel=\"category tag\">Eventos<\/a>, <a href=\"https:\/\/radio.descargalatina.cl\/latina\/category\/biografias\/internacionales\/\" rel=\"category tag\">Internacionales<\/a>, <a href=\"https:\/\/radio.descargalatina.cl\/latina\/category\/lo-que-buscas\/noticias\/\" rel=\"category tag\">Noticias<\/a><\/span><span class=\"meta-comments\"><i class=\"far fa-comments\"><\/i><a href=\"https:\/\/radio.descargalatina.cl\/latina\/marco-antonio-solis-chile-2026-entradas\/#respond\" title=\"Comment on Marco Antonio Sol\u00eds en Chile \u00abGratitud Tour 2026\u00bb\">0 Comments<\/a><\/span><span class=\"d-block float-sm-end mt-3 mt-sm-0\"><a class=\"btn btn-xs btn-default text-xs text-uppercase\" href=\"https:\/\/radio.descargalatina.cl\/latina\/marco-antonio-solis-chile-2026-entradas\/\">Read more...<\/a><\/span><\/div>\r\n<\/article>\r\n\r\n\t\r\n\t\t<\/div>\r\n\r\n\t\r\n\t\t\t\t\t\t<div class=\"clearfix\"><\/div>\r\n\t\t\t<div class=\"pagination-wrap\">\r\n\t\t\t\t\t\t\t\t<div class=\"pagination\" role=\"navigation\">\r\n\t\t\t\t\t<span aria-current=\"page\" class=\"page-numbers current\">1<\/span><a class=\"page-numbers\" href=\"https:\/\/radio.descargalatina.cl\/latina\/wp-json\/wp\/v2\/pages\/143\/page\/2\/\">2<\/a><span class=\"page-numbers dots\">&hellip;<\/span><a class=\"page-numbers\" href=\"https:\/\/radio.descargalatina.cl\/latina\/wp-json\/wp\/v2\/pages\/143\/page\/12\/\">12<\/a><a class=\"next page-numbers\" href=\"https:\/\/radio.descargalatina.cl\/latina\/wp-json\/wp\/v2\/pages\/143\/page\/2\/\">Next&nbsp;&nbsp;<i class=\"fas fa-long-arrow-alt-right\"><\/i><\/a>\t\t\t\t<\/div>\r\n\t\t\t<\/div>\r\n\t\t\t\t\r\n\t<\/div>[\/vc_column][vc_column width=\u00bb1\/4&#8243;]<div class=\"porto-sticky \" data-plugin-options=\"{&quot;containerSelector&quot;:&quot;.home-main&quot;,&quot;minWidth&quot;:768,&quot;padding&quot;:{&quot;top&quot;:110,&quot;bottom&quot;:0},&quot;activeClass&quot;:&quot;sticky-active&quot;,&quot;autoFit&quot;:true}\">[vc_widget_sidebar sidebar_id=\u00bbsecondary-sidebar\u00bb el_class=\u00bbmb-0 pb-1&#8243;]<\/div>[\/vc_column][\/vc_row]<\/p>\n<\/div>","protected":false},"excerpt":{"rendered":"<p>[vc_row wrap_container=\u00bbyes\u00bb is_section=\u00bbyes\u00bb remove_margin_top=\u00bbyes\u00bb remove_margin_bottom=\u00bbyes\u00bb remove_border=\u00bbyes\u00bb css=\u00bb.vc_custom_1553520479450{padding-bottom: 20px !important;}\u00bb][vc_column][\/vc_column][\/vc_row][vc_row wrap_container=\u00bbyes\u00bb is_section=\u00bbyes\u00bb section_skin=\u00bbparallax\u00bb remove_margin_top=\u00bbyes\u00bb remove_margin_bottom=\u00bbyes\u00bb remove_border=\u00bbyes\u00bb][vc_column width=\u00bb1\/3&#8243; animation_delay=\u00bb200&#8243; animation_type=\u00bbfadeInUp\u00bb][vc_custom_heading text=\u00bbPopular Posts\u00bb font_container=\u00bbtag:h3|font_size:14|text_align:left\u00bb use_theme_fonts=\u00bbyes\u00bb text_transform=\u00bbtext-uppercase\u00bb css_animation=\u00bbnone\u00bb el_class=\u00bbmb-3&#8243;][\/vc_column][vc_column width=\u00bb1\/3&#8243; animation_delay=\u00bb600&#8243; animation_type=\u00bbfadeInUp\u00bb][vc_custom_heading text=\u00bbRecent Posts\u00bb font_container=\u00bbtag:h3|font_size:14|text_align:left\u00bb use_theme_fonts=\u00bbyes\u00bb text_transform=\u00bbtext-uppercase\u00bb css_animation=\u00bbnone\u00bb el_class=\u00bbmb-3&#8243;][\/vc_column][vc_column width=\u00bb1\/3&#8243; animation_delay=\u00bb1000&#8243; animation_type=\u00bbfadeInUp\u00bb][vc_custom_heading text=\u00bbFeatured Posts\u00bb font_container=\u00bbtag:h3|font_size:14|text_align:left\u00bb use_theme_fonts=\u00bbyes\u00bb text_transform=\u00bbtext-uppercase\u00bb el_class=\u00bbmb-3&#8243;][vc_custom_heading text=\u00bbFundador, Director, Ceo.\u00bb font_container=\u00bbtag:h3|font_size:14|text_align:left\u00bb use_theme_fonts=\u00bbyes\u00bb text_transform=\u00bbtext-uppercase\u00bb el_class=\u00bbmb-3&#8243; css_params=\u00bb\u00bb][\/vc_column][\/vc_row][vc_row wrap_container=\u00bbyes\u00bb is_section=\u00bbyes\u00bb section_skin=\u00bbprimary\u00bb [&hellip;]<\/p>\n","protected":false},"author":1,"featured_media":0,"parent":0,"menu_order":0,"comment_status":"closed","ping_status":"closed","template":"","meta":{"footnotes":""},"class_list":["post-143","page","type-page","status-publish","hentry"],"yoast_head":"<!-- This site is optimized with the Yoast SEO plugin v27.1.1 - https:\/\/yoast.com\/product\/yoast-seo-wordpress\/ -->\n<title>Descarga Latina | La mejor radio latina de Chile<\/title>\n<meta name=\"description\" content=\"Fortalecemos la cultura latina en Chile a trav\u00e9s de la salsa y la integraci\u00f3n social. Promovemos el intercambio cultural y la unidad latinoamericana. \u00a1Descubre m\u00e1s!\" \/>\n<meta name=\"robots\" content=\"index, follow, max-snippet:-1, max-image-preview:large, max-video-preview:-1\" \/>\n<link rel=\"canonical\" href=\"https:\/\/radio.descargalatina.cl\/latina\/\" \/>\n<meta property=\"og:locale\" content=\"es_ES\" \/>\n<meta property=\"og:type\" content=\"article\" \/>\n<meta property=\"og:title\" content=\"Descarga Latina | La mejor radio latina de Chile\" \/>\n<meta property=\"og:description\" content=\"Fortalecemos la cultura latina en Chile a trav\u00e9s de la salsa y la integraci\u00f3n social. Promovemos el intercambio cultural y la unidad latinoamericana. \u00a1Descubre m\u00e1s!\" \/>\n<meta property=\"og:url\" content=\"https:\/\/radio.descargalatina.cl\/latina\/\" \/>\n<meta property=\"og:site_name\" content=\"Descargalatina.cl\" \/>\n<meta property=\"article:modified_time\" content=\"2025-03-06T01:47:33+00:00\" \/>\n<meta name=\"twitter:card\" content=\"summary_large_image\" \/>\n<meta name=\"twitter:label1\" content=\"Tiempo de lectura\" \/>\n\t<meta name=\"twitter:data1\" content=\"2 minutos\" \/>\n<script type=\"application\/ld+json\" class=\"yoast-schema-graph\">{\"@context\":\"https:\/\/schema.org\",\"@graph\":[{\"@type\":\"WebPage\",\"@id\":\"https:\/\/radio.descargalatina.cl\/latina\/\",\"url\":\"https:\/\/radio.descargalatina.cl\/latina\/\",\"name\":\"Descarga Latina | La mejor radio latina de Chile\",\"isPartOf\":{\"@id\":\"https:\/\/radio.descargalatina.cl\/latina\/#website\"},\"datePublished\":\"2016-06-20T07:48:11+00:00\",\"dateModified\":\"2025-03-06T01:47:33+00:00\",\"description\":\"Fortalecemos la cultura latina en Chile a trav\u00e9s de la salsa y la integraci\u00f3n social. Promovemos el intercambio cultural y la unidad latinoamericana. \u00a1Descubre m\u00e1s!\",\"breadcrumb\":{\"@id\":\"https:\/\/radio.descargalatina.cl\/latina\/#breadcrumb\"},\"inLanguage\":\"es\",\"potentialAction\":[{\"@type\":\"ReadAction\",\"target\":[\"https:\/\/radio.descargalatina.cl\/latina\/\"]}]},{\"@type\":\"BreadcrumbList\",\"@id\":\"https:\/\/radio.descargalatina.cl\/latina\/#breadcrumb\",\"itemListElement\":[{\"@type\":\"ListItem\",\"position\":1,\"name\":\"Portada\",\"item\":\"https:\/\/radio.descargalatina.cl\/latina\/\"},{\"@type\":\"ListItem\",\"position\":2,\"name\":\"Home\"}]},{\"@type\":\"WebSite\",\"@id\":\"https:\/\/radio.descargalatina.cl\/latina\/#website\",\"url\":\"https:\/\/radio.descargalatina.cl\/latina\/\",\"name\":\"Descargalatina.cl 2025\",\"description\":\"el portal radio de m\u00fasica latina en Chile.\",\"publisher\":{\"@id\":\"https:\/\/radio.descargalatina.cl\/latina\/#\/schema\/person\/556e3fed329a665452898b34c88bfe06\"},\"potentialAction\":[{\"@type\":\"SearchAction\",\"target\":{\"@type\":\"EntryPoint\",\"urlTemplate\":\"https:\/\/radio.descargalatina.cl\/latina\/?s={search_term_string}\"},\"query-input\":{\"@type\":\"PropertyValueSpecification\",\"valueRequired\":true,\"valueName\":\"search_term_string\"}}],\"inLanguage\":\"es\"},{\"@type\":[\"Person\",\"Organization\"],\"@id\":\"https:\/\/radio.descargalatina.cl\/latina\/#\/schema\/person\/556e3fed329a665452898b34c88bfe06\",\"name\":\"jonnmerino@gmail.com\",\"logo\":{\"@id\":\"https:\/\/radio.descargalatina.cl\/latina\/#\/schema\/person\/image\/\"},\"sameAs\":[\"https:\/\/radio.descargalatina.cl\/latina\"]}]}<\/script>\n<!-- \/ Yoast SEO plugin. -->","yoast_head_json":{"title":"Descarga Latina | La mejor radio latina de Chile","description":"Fortalecemos la cultura latina en Chile a trav\u00e9s de la salsa y la integraci\u00f3n social. Promovemos el intercambio cultural y la unidad latinoamericana. \u00a1Descubre m\u00e1s!","robots":{"index":"index","follow":"follow","max-snippet":"max-snippet:-1","max-image-preview":"max-image-preview:large","max-video-preview":"max-video-preview:-1"},"canonical":"https:\/\/radio.descargalatina.cl\/latina\/","og_locale":"es_ES","og_type":"article","og_title":"Descarga Latina | La mejor radio latina de Chile","og_description":"Fortalecemos la cultura latina en Chile a trav\u00e9s de la salsa y la integraci\u00f3n social. Promovemos el intercambio cultural y la unidad latinoamericana. \u00a1Descubre m\u00e1s!","og_url":"https:\/\/radio.descargalatina.cl\/latina\/","og_site_name":"Descargalatina.cl","article_modified_time":"2025-03-06T01:47:33+00:00","twitter_card":"summary_large_image","twitter_misc":{"Tiempo de lectura":"2 minutos"},"schema":{"@context":"https:\/\/schema.org","@graph":[{"@type":"WebPage","@id":"https:\/\/radio.descargalatina.cl\/latina\/","url":"https:\/\/radio.descargalatina.cl\/latina\/","name":"Descarga Latina | La mejor radio latina de Chile","isPartOf":{"@id":"https:\/\/radio.descargalatina.cl\/latina\/#website"},"datePublished":"2016-06-20T07:48:11+00:00","dateModified":"2025-03-06T01:47:33+00:00","description":"Fortalecemos la cultura latina en Chile a trav\u00e9s de la salsa y la integraci\u00f3n social. Promovemos el intercambio cultural y la unidad latinoamericana. \u00a1Descubre m\u00e1s!","breadcrumb":{"@id":"https:\/\/radio.descargalatina.cl\/latina\/#breadcrumb"},"inLanguage":"es","potentialAction":[{"@type":"ReadAction","target":["https:\/\/radio.descargalatina.cl\/latina\/"]}]},{"@type":"BreadcrumbList","@id":"https:\/\/radio.descargalatina.cl\/latina\/#breadcrumb","itemListElement":[{"@type":"ListItem","position":1,"name":"Portada","item":"https:\/\/radio.descargalatina.cl\/latina\/"},{"@type":"ListItem","position":2,"name":"Home"}]},{"@type":"WebSite","@id":"https:\/\/radio.descargalatina.cl\/latina\/#website","url":"https:\/\/radio.descargalatina.cl\/latina\/","name":"Descargalatina.cl 2025","description":"el portal radio de m\u00fasica latina en Chile.","publisher":{"@id":"https:\/\/radio.descargalatina.cl\/latina\/#\/schema\/person\/556e3fed329a665452898b34c88bfe06"},"potentialAction":[{"@type":"SearchAction","target":{"@type":"EntryPoint","urlTemplate":"https:\/\/radio.descargalatina.cl\/latina\/?s={search_term_string}"},"query-input":{"@type":"PropertyValueSpecification","valueRequired":true,"valueName":"search_term_string"}}],"inLanguage":"es"},{"@type":["Person","Organization"],"@id":"https:\/\/radio.descargalatina.cl\/latina\/#\/schema\/person\/556e3fed329a665452898b34c88bfe06","name":"jonnmerino@gmail.com","logo":{"@id":"https:\/\/radio.descargalatina.cl\/latina\/#\/schema\/person\/image\/"},"sameAs":["https:\/\/radio.descargalatina.cl\/latina"]}]}},"_links":{"self":[{"href":"https:\/\/radio.descargalatina.cl\/latina\/wp-json\/wp\/v2\/pages\/143","targetHints":{"allow":["GET"]}}],"collection":[{"href":"https:\/\/radio.descargalatina.cl\/latina\/wp-json\/wp\/v2\/pages"}],"about":[{"href":"https:\/\/radio.descargalatina.cl\/latina\/wp-json\/wp\/v2\/types\/page"}],"author":[{"embeddable":true,"href":"https:\/\/radio.descargalatina.cl\/latina\/wp-json\/wp\/v2\/users\/1"}],"replies":[{"embeddable":true,"href":"https:\/\/radio.descargalatina.cl\/latina\/wp-json\/wp\/v2\/comments?post=143"}],"version-history":[{"count":7,"href":"https:\/\/radio.descargalatina.cl\/latina\/wp-json\/wp\/v2\/pages\/143\/revisions"}],"predecessor-version":[{"id":2890,"href":"https:\/\/radio.descargalatina.cl\/latina\/wp-json\/wp\/v2\/pages\/143\/revisions\/2890"}],"wp:attachment":[{"href":"https:\/\/radio.descargalatina.cl\/latina\/wp-json\/wp\/v2\/media?parent=143"}],"curies":[{"name":"wp","href":"https:\/\/api.w.org\/{rel}","templated":true}]}}