{"id":70,"date":"2016-06-14T05:29:12","date_gmt":"2016-06-14T05:29:12","guid":{"rendered":"http:\/\/sw-themes.com\/porto_dummy\/?page_id=70"},"modified":"2025-03-02T05:14:08","modified_gmt":"2025-03-02T04:14:08","slug":"salsaenchile-cl","status":"publish","type":"page","link":"https:\/\/radio.descargalatina.cl\/latina\/salsaenchile-cl\/","title":{"rendered":"Salsa en Chile"},"content":{"rendered":"<div class=\"wpb-content-wrapper\"><p>[vc_row][vc_column]<div class=\"porto-carousel owl-carousel has-ccols ccols-xl-1 ccols-lg-1 ccols-md-1 ccols-sm-1 ccols-1 m-b-xl wpb_custom_137e3b0268c8745a6d85cbab9a109485\" data-plugin-options=\"{&quot;themeConfig&quot;:true,&quot;stagePadding&quot;:0,&quot;margin&quot;:0,&quot;autoplay&quot;:&quot;yes&quot;,&quot;mouseDrag&quot;:true,&quot;touchDrag&quot;:true,&quot;autoplayTimeout&quot;:3000,&quot;autoplayHoverPause&quot;:false,&quot;items&quot;:1,&quot;xl&quot;:1,&quot;lg&quot;:1,&quot;md&quot;:1,&quot;sm&quot;:1,&quot;xs&quot;:1,&quot;nav&quot;:false,&quot;dots&quot;:&quot;yes&quot;,&quot;animateIn&quot;:&quot;&quot;,&quot;animateOut&quot;:&quot;fadeOut&quot;,&quot;loop&quot;:&quot;yes&quot;,&quot;center&quot;:false,&quot;video&quot;:false,&quot;lazyLoad&quot;:false,&quot;fullscreen&quot;:false}\">[vc_single_image image=\u00bb2876&#8243; img_size=\u00bbfull\u00bb alignment=\u00bbcenter\u00bb css=\u00bb\u00bb css_params=\u00bb\u00bb]<\/div>[vc_separator color=\u00bbcustom\u00bb gap=\u00bbtall\u00bb gradient=\u00bbyes\u00bb][\/vc_column][\/vc_row][vc_row][vc_column width=\u00bb7\/12&#8243;][vc_custom_heading text=\u00bbmas de 40 a\u00f1os de <strong>Salsa en Chile!<\/strong>\u00bb use_theme_fonts=\u00bbyes\u00bb el_class=\u00bbm-b-md\u00bb css_params=\u00bb\u00bb][vc_column_text css=\u00bb\u00bb el_class=\u00bblead\u00bb]La salsa lleg\u00f3 a Chile a\u00a0mediados de los a\u00f1os 70. Sin embargo, se dice que el inicio de la salsa en Chile fue el 2 de junio de 1981, cuando <strong>Celia Cruz y la Cubanac\u00e1n<\/strong> actuaron en la bo\u00eete \u201c<strong>La Sirena<\/strong>\u201d.[\/vc_column_text][vc_column_text css=\u00bb\u00bb css_params=\u00bb\u00bb]Desde el 2008 anduvimos en cada rumba, evento, feria costumbrista o beneficio familiar.<br \/>\nEstamos retomando para seguir trabajando en la promoci\u00f3n de la m\u00fasica latina, la cultura y la integraci\u00f3n.<br \/>\nBienvenidos los que quieran ayudar cont\u00e1ctanos a <a href=\"mailto:soneros@descargalatina.cl\" target=\"_blank\" rel=\"noopener\">soneros@descargalatina.cl<\/a> o <a href=\"http:\/\/wa.me\/56974453366\" target=\"_blank\" rel=\"noopener\">escr\u00edbenos.<\/a>[\/vc_column_text][vc_row_inner][vc_column_inner width=\u00bb1\/2&#8243;][vc_video link=\u00bbhttps:\/\/www.youtube.com\/watch?v=VZ6mo4T7OQs\u00bb align=\u00bbright\u00bb css=\u00bb\u00bb css_params=\u00bb\u00bb][\/vc_column_inner][vc_column_inner width=\u00bb1\/2&#8243;]<div class=\"porto-sicon-box  wpb_custom_6926a9d5b5d5fcfa343c985856c9e903 style_1 left-icon\"><div class=\"porto-sicon-body\"><div class=\"porto-sicon-header\"><h3 class=\"porto-sicon-title\" style=\"font-size:20px;\">Chile 1992 Salsa en el Estadio Nacional<\/h3><\/div> <!-- header --><div class=\"porto-sicon-description\" style=\"\">En su presentaci\u00f3n en 1992 de su \u00e1lbum numero 100, en el Estadio Nacional con la participaci\u00f3n de Tony Vega, Tito Nieves, Jos\u00e9 Alberto \u00abEl Canario\u00bb, Ismael Miranda, Oscar De Le\u00f3n, Cheo Feliciano y la guarachera de Cuba, do\u00f1a Celia Cruz.<br \/>\nUn recuerdo para la historia ! Acompa\u00f1ado por la orquesta de Anibal Lopez.<\/p>\n<p>mas videos en el canal de nuestro amigo <strong>Manuel Cabrera DJMANU<\/strong> , Q.E.P.D.<br \/>\n<a href=\"https:\/\/www.youtube.com\/@Merenguesalsaconclas\" target=\"_blank\" rel=\"noopener\">@MerengueSalsaconClas<\/a><\/div> <!-- description --><\/div><\/div><!-- porto-sicon-box -->[\/vc_column_inner][\/vc_row_inner][vc_separator color=\u00bbcustom\u00bb gap=\u00bbtall\u00bb][vc_custom_heading text=\u00bbSalsotecas <strong>Chilenas <\/strong>\u00bb font_container=\u00bbtag:h4|text_align:left\u00bb use_theme_fonts=\u00bbyes\u00bb el_class=\u00bbm-b\u00bb css_params=\u00bb\u00bb][\/vc_column][vc_column width=\u00bb5\/12&#8243;][vc_custom_heading text=\u00bbNuestra <strong>Casona<\/strong>\u00bb font_container=\u00bbtag:h4|text_align:left\u00bb use_theme_fonts=\u00bbyes\u00bb el_class=\u00bbm-b-md\u00bb css_params=\u00bb\u00bb]<div class=\"porto-sicon-box  wpb_custom_991192e517ba80822b25b68bbbc51b14 style_1 default-icon\"><div class=\"porto-sicon-default\"><div class=\"porto-just-icon-wrapper porto-icon circle\" style=\"color:#ffffff;background:#0088cc;font-size:14px;\"><i class=\"fas fa-map-marker-alt\"><\/i><\/div><\/div><div class=\"porto-sicon-header\"><h3 class=\"porto-sicon-title\" style=\"font-size:14px;\"><strong>Mi casa:<\/strong> C\u00f3ndor 719 - Santiago Centro, Chile.<\/h3><\/div> <!-- header --><\/div><!-- porto-sicon-box --><div class=\"porto-sicon-box  wpb_custom_991192e517ba80822b25b68bbbc51b14 style_1 default-icon\"><div class=\"porto-sicon-default\"><div class=\"porto-just-icon-wrapper porto-icon circle\" style=\"color:#ffffff;background:#0088cc;font-size:14px;\"><i class=\"fas fa-phone-square\"><\/i><\/div><\/div><div class=\"porto-sicon-header\"><h3 class=\"porto-sicon-title\" style=\"font-size:14px;\"><strong>Directo:<\/strong> (+569) 7445 3366<\/h3><\/div> <!-- header --><\/div><!-- porto-sicon-box --><div class=\"porto-sicon-box  wpb_custom_991192e517ba80822b25b68bbbc51b14 style_1 default-icon\"><div class=\"porto-sicon-default\"><div class=\"porto-just-icon-wrapper porto-icon circle\" style=\"color:#ffffff;background:#0088cc;font-size:14px;\"><i class=\"fas fa-envelope\"><\/i><\/div><\/div><div class=\"porto-sicon-header\"><h3 class=\"porto-sicon-title\" style=\"font-size:14px;\"><strong>Email:<\/strong> prensa@descargalatina.cl<\/h3><\/div> <!-- header --><\/div><!-- porto-sicon-box -->[vc_separator color=\u00bbcustom\u00bb gradient=\u00bbyes\u00bb][vc_posts_slider count=\u00bb5&#8243; interval=\u00bb3&#8243; orderby=\u00bbdate\u00bb css=\u00bb\u00bb title=\u00bbNoticias de Salsa en Chile\u00bb posttypes=\u00bbpost\u00bb css_params=\u00bb\u00bb categories=\u00bbsalsa en chile, \u00ab][\/vc_column][\/vc_row][vc_row][vc_column width=\u00bb1\/5&#8243;][vc_single_image image=\u00bb2882&#8243; alignment=\u00bbcenter\u00bb onclick=\u00bbimg_link_large\u00bb css=\u00bb\u00bb lightbox=\u00bbyes\u00bb image_gallery=\u00bbyes\u00bb zoom_icon=\u00bbyes\u00bb css_params=\u00bb\u00bb][\/vc_column][vc_column width=\u00bb1\/5&#8243;][vc_single_image image=\u00bb2866&#8243; alignment=\u00bbcenter\u00bb onclick=\u00bbimg_link_large\u00bb css=\u00bb\u00bb lightbox=\u00bbyes\u00bb image_gallery=\u00bbyes\u00bb zoom_icon=\u00bbyes\u00bb css_params=\u00bb\u00bb][\/vc_column][vc_column width=\u00bb1\/5&#8243;][vc_single_image image=\u00bb2883&#8243; alignment=\u00bbcenter\u00bb onclick=\u00bbimg_link_large\u00bb css=\u00bb\u00bb lightbox=\u00bbyes\u00bb image_gallery=\u00bbyes\u00bb zoom_icon=\u00bbyes\u00bb][\/vc_column][vc_column width=\u00bb1\/5&#8243;][vc_single_image image=\u00bb2886&#8243; alignment=\u00bbcenter\u00bb onclick=\u00bbimg_link_large\u00bb css=\u00bb\u00bb lightbox=\u00bbyes\u00bb image_gallery=\u00bbyes\u00bb zoom_icon=\u00bbyes\u00bb css_params=\u00bb\u00bb][\/vc_column][vc_column width=\u00bb1\/5&#8243;][vc_single_image image=\u00bb2887&#8243; alignment=\u00bbcenter\u00bb onclick=\u00bbimg_link_large\u00bb css=\u00bb\u00bb lightbox=\u00bbyes\u00bb image_gallery=\u00bbyes\u00bb zoom_icon=\u00bbyes\u00bb css_params=\u00bb\u00bb][\/vc_column][\/vc_row]<\/p>\n<\/div>","protected":false},"excerpt":{"rendered":"<p>[vc_row][vc_column][vc_separator color=\u00bbcustom\u00bb gap=\u00bbtall\u00bb gradient=\u00bbyes\u00bb][\/vc_column][\/vc_row][vc_row][vc_column width=\u00bb7\/12&#8243;][vc_custom_heading text=\u00bbmas de 40 a\u00f1os de Salsa en Chile!\u00bb use_theme_fonts=\u00bbyes\u00bb el_class=\u00bbm-b-md\u00bb css_params=\u00bb\u00bb][vc_column_text css=\u00bb\u00bb el_class=\u00bblead\u00bb]La salsa lleg\u00f3 a Chile a\u00a0mediados de los a\u00f1os 70. Sin embargo, se dice que el inicio de la salsa en Chile fue el 2 de junio de 1981, cuando Celia Cruz y la Cubanac\u00e1n actuaron en la [&hellip;]<\/p>\n","protected":false},"author":1,"featured_media":0,"parent":0,"menu_order":0,"comment_status":"closed","ping_status":"closed","template":"","meta":{"footnotes":""},"class_list":["post-70","page","type-page","status-publish","hentry"],"yoast_head":"<!-- This site is optimized with the Yoast SEO plugin v27.1.1 - https:\/\/yoast.com\/product\/yoast-seo-wordpress\/ -->\n<title>Salsa en Chile - Descargalatina.cl<\/title>\n<meta name=\"robots\" content=\"index, follow, max-snippet:-1, max-image-preview:large, max-video-preview:-1\" \/>\n<link rel=\"canonical\" href=\"https:\/\/radio.descargalatina.cl\/latina\/salsaenchile-cl\/\" \/>\n<meta property=\"og:locale\" content=\"es_ES\" \/>\n<meta property=\"og:type\" content=\"article\" \/>\n<meta property=\"og:title\" content=\"Salsa en Chile - Descargalatina.cl\" \/>\n<meta property=\"og:description\" content=\"[vc_row][vc_column][vc_separator color=\u00bbcustom\u00bb gap=\u00bbtall\u00bb gradient=\u00bbyes\u00bb][\/vc_column][\/vc_row][vc_row][vc_column width=\u00bb7\/12&#8243;][vc_custom_heading text=\u00bbmas de 40 a\u00f1os de Salsa en Chile!\u00bb use_theme_fonts=\u00bbyes\u00bb el_class=\u00bbm-b-md\u00bb css_params=\u00bb\u00bb][vc_column_text css=\u00bb\u00bb el_class=\u00bblead\u00bb]La salsa lleg\u00f3 a Chile a\u00a0mediados de los a\u00f1os 70. Sin embargo, se dice que el inicio de la salsa en Chile fue el 2 de junio de 1981, cuando Celia Cruz y la Cubanac\u00e1n actuaron en la [&hellip;]\" \/>\n<meta property=\"og:url\" content=\"https:\/\/radio.descargalatina.cl\/latina\/salsaenchile-cl\/\" \/>\n<meta property=\"og:site_name\" content=\"Descargalatina.cl\" \/>\n<meta property=\"article:modified_time\" content=\"2025-03-02T04:14:08+00:00\" \/>\n<meta name=\"twitter:card\" content=\"summary_large_image\" \/>\n<meta name=\"twitter:label1\" content=\"Tiempo de lectura\" \/>\n\t<meta name=\"twitter:data1\" content=\"3 minutos\" \/>\n<script type=\"application\/ld+json\" class=\"yoast-schema-graph\">{\"@context\":\"https:\/\/schema.org\",\"@graph\":[{\"@type\":\"WebPage\",\"@id\":\"https:\/\/radio.descargalatina.cl\/latina\/salsaenchile-cl\/\",\"url\":\"https:\/\/radio.descargalatina.cl\/latina\/salsaenchile-cl\/\",\"name\":\"Salsa en Chile - Descargalatina.cl\",\"isPartOf\":{\"@id\":\"https:\/\/radio.descargalatina.cl\/latina\/#website\"},\"datePublished\":\"2016-06-14T05:29:12+00:00\",\"dateModified\":\"2025-03-02T04:14:08+00:00\",\"breadcrumb\":{\"@id\":\"https:\/\/radio.descargalatina.cl\/latina\/salsaenchile-cl\/#breadcrumb\"},\"inLanguage\":\"es\",\"potentialAction\":[{\"@type\":\"ReadAction\",\"target\":[\"https:\/\/radio.descargalatina.cl\/latina\/salsaenchile-cl\/\"]}]},{\"@type\":\"BreadcrumbList\",\"@id\":\"https:\/\/radio.descargalatina.cl\/latina\/salsaenchile-cl\/#breadcrumb\",\"itemListElement\":[{\"@type\":\"ListItem\",\"position\":1,\"name\":\"Portada\",\"item\":\"https:\/\/radio.descargalatina.cl\/latina\/\"},{\"@type\":\"ListItem\",\"position\":2,\"name\":\"Salsa en Chile\"}]},{\"@type\":\"WebSite\",\"@id\":\"https:\/\/radio.descargalatina.cl\/latina\/#website\",\"url\":\"https:\/\/radio.descargalatina.cl\/latina\/\",\"name\":\"Descargalatina.cl 2025\",\"description\":\"el portal radio de m\u00fasica latina en Chile.\",\"publisher\":{\"@id\":\"https:\/\/radio.descargalatina.cl\/latina\/#\/schema\/person\/556e3fed329a665452898b34c88bfe06\"},\"potentialAction\":[{\"@type\":\"SearchAction\",\"target\":{\"@type\":\"EntryPoint\",\"urlTemplate\":\"https:\/\/radio.descargalatina.cl\/latina\/?s={search_term_string}\"},\"query-input\":{\"@type\":\"PropertyValueSpecification\",\"valueRequired\":true,\"valueName\":\"search_term_string\"}}],\"inLanguage\":\"es\"},{\"@type\":[\"Person\",\"Organization\"],\"@id\":\"https:\/\/radio.descargalatina.cl\/latina\/#\/schema\/person\/556e3fed329a665452898b34c88bfe06\",\"name\":\"jonnmerino@gmail.com\",\"logo\":{\"@id\":\"https:\/\/radio.descargalatina.cl\/latina\/#\/schema\/person\/image\/\"},\"sameAs\":[\"https:\/\/radio.descargalatina.cl\/latina\"]}]}<\/script>\n<!-- \/ Yoast SEO plugin. -->","yoast_head_json":{"title":"Salsa en Chile - Descargalatina.cl","robots":{"index":"index","follow":"follow","max-snippet":"max-snippet:-1","max-image-preview":"max-image-preview:large","max-video-preview":"max-video-preview:-1"},"canonical":"https:\/\/radio.descargalatina.cl\/latina\/salsaenchile-cl\/","og_locale":"es_ES","og_type":"article","og_title":"Salsa en Chile - Descargalatina.cl","og_description":"[vc_row][vc_column][vc_separator color=\u00bbcustom\u00bb gap=\u00bbtall\u00bb gradient=\u00bbyes\u00bb][\/vc_column][\/vc_row][vc_row][vc_column width=\u00bb7\/12&#8243;][vc_custom_heading text=\u00bbmas de 40 a\u00f1os de Salsa en Chile!\u00bb use_theme_fonts=\u00bbyes\u00bb el_class=\u00bbm-b-md\u00bb css_params=\u00bb\u00bb][vc_column_text css=\u00bb\u00bb el_class=\u00bblead\u00bb]La salsa lleg\u00f3 a Chile a\u00a0mediados de los a\u00f1os 70. Sin embargo, se dice que el inicio de la salsa en Chile fue el 2 de junio de 1981, cuando Celia Cruz y la Cubanac\u00e1n actuaron en la [&hellip;]","og_url":"https:\/\/radio.descargalatina.cl\/latina\/salsaenchile-cl\/","og_site_name":"Descargalatina.cl","article_modified_time":"2025-03-02T04:14:08+00:00","twitter_card":"summary_large_image","twitter_misc":{"Tiempo de lectura":"3 minutos"},"schema":{"@context":"https:\/\/schema.org","@graph":[{"@type":"WebPage","@id":"https:\/\/radio.descargalatina.cl\/latina\/salsaenchile-cl\/","url":"https:\/\/radio.descargalatina.cl\/latina\/salsaenchile-cl\/","name":"Salsa en Chile - Descargalatina.cl","isPartOf":{"@id":"https:\/\/radio.descargalatina.cl\/latina\/#website"},"datePublished":"2016-06-14T05:29:12+00:00","dateModified":"2025-03-02T04:14:08+00:00","breadcrumb":{"@id":"https:\/\/radio.descargalatina.cl\/latina\/salsaenchile-cl\/#breadcrumb"},"inLanguage":"es","potentialAction":[{"@type":"ReadAction","target":["https:\/\/radio.descargalatina.cl\/latina\/salsaenchile-cl\/"]}]},{"@type":"BreadcrumbList","@id":"https:\/\/radio.descargalatina.cl\/latina\/salsaenchile-cl\/#breadcrumb","itemListElement":[{"@type":"ListItem","position":1,"name":"Portada","item":"https:\/\/radio.descargalatina.cl\/latina\/"},{"@type":"ListItem","position":2,"name":"Salsa en Chile"}]},{"@type":"WebSite","@id":"https:\/\/radio.descargalatina.cl\/latina\/#website","url":"https:\/\/radio.descargalatina.cl\/latina\/","name":"Descargalatina.cl 2025","description":"el portal radio de m\u00fasica latina en Chile.","publisher":{"@id":"https:\/\/radio.descargalatina.cl\/latina\/#\/schema\/person\/556e3fed329a665452898b34c88bfe06"},"potentialAction":[{"@type":"SearchAction","target":{"@type":"EntryPoint","urlTemplate":"https:\/\/radio.descargalatina.cl\/latina\/?s={search_term_string}"},"query-input":{"@type":"PropertyValueSpecification","valueRequired":true,"valueName":"search_term_string"}}],"inLanguage":"es"},{"@type":["Person","Organization"],"@id":"https:\/\/radio.descargalatina.cl\/latina\/#\/schema\/person\/556e3fed329a665452898b34c88bfe06","name":"jonnmerino@gmail.com","logo":{"@id":"https:\/\/radio.descargalatina.cl\/latina\/#\/schema\/person\/image\/"},"sameAs":["https:\/\/radio.descargalatina.cl\/latina"]}]}},"_links":{"self":[{"href":"https:\/\/radio.descargalatina.cl\/latina\/wp-json\/wp\/v2\/pages\/70","targetHints":{"allow":["GET"]}}],"collection":[{"href":"https:\/\/radio.descargalatina.cl\/latina\/wp-json\/wp\/v2\/pages"}],"about":[{"href":"https:\/\/radio.descargalatina.cl\/latina\/wp-json\/wp\/v2\/types\/page"}],"author":[{"embeddable":true,"href":"https:\/\/radio.descargalatina.cl\/latina\/wp-json\/wp\/v2\/users\/1"}],"replies":[{"embeddable":true,"href":"https:\/\/radio.descargalatina.cl\/latina\/wp-json\/wp\/v2\/comments?post=70"}],"version-history":[{"count":10,"href":"https:\/\/radio.descargalatina.cl\/latina\/wp-json\/wp\/v2\/pages\/70\/revisions"}],"predecessor-version":[{"id":2961,"href":"https:\/\/radio.descargalatina.cl\/latina\/wp-json\/wp\/v2\/pages\/70\/revisions\/2961"}],"wp:attachment":[{"href":"https:\/\/radio.descargalatina.cl\/latina\/wp-json\/wp\/v2\/media?parent=70"}],"curies":[{"name":"wp","href":"https:\/\/api.w.org\/{rel}","templated":true}]}}